{"id":2852,"date":"2024-01-26T10:31:47","date_gmt":"2024-01-26T09:31:47","guid":{"rendered":"https:\/\/www.sifeitalia.org\/?post_type=dt_portfolio&#038;p=2852"},"modified":"2026-03-05T09:38:01","modified_gmt":"2026-03-05T08:38:01","slug":"la-fissazione-esterna-dal-damage-control-al-trattamento-definitivo-2","status":"publish","type":"dt_portfolio","link":"https:\/\/www.sifeitalia.org\/index.php\/project\/la-fissazione-esterna-dal-damage-control-al-trattamento-definitivo-2\/","title":{"rendered":"Convegno Regionale SIFE Emilia Romagna: Tecniche chirurgiche per l&#8217;allungamento osseo"},"content":{"rendered":"<section class=\"wpb-content-wrapper\"><p>[vc_row equal_height=&#8221;yes&#8221; content_placement=&#8221;middle&#8221; bg_type=&#8221;bg_color&#8221; bg_override=&#8221;ex-full&#8221; type=&#8221;1&#8243; anchor=&#8221;what&#8221; bg_color_value=&#8221;#ffffff&#8221; css=&#8221;.vc_custom_1618395611375{margin-bottom: 50px !important;}&#8221;][vc_column width=&#8221;1\/2&#8243; offset=&#8221;vc_col-lg-6 vc_col-md-6&#8243; css=&#8221;.vc_custom_1707494553538{padding-bottom: 50px !important;}&#8221;][vc_empty_space]<style type=\"text\/css\" data-type=\"the7_shortcodes-inline-css\">.shortcode-single-image-wrap.shortcode-single-image-3d6f6237e95a3c291b94a17f19dcb573.enable-bg-rollover .rollover i,\n.shortcode-single-image-wrap.shortcode-single-image-3d6f6237e95a3c291b94a17f19dcb573.enable-bg-rollover .rollover-video i {\n  background: -webkit-linear-gradient();\n  background: linear-gradient();\n}\n.shortcode-single-image-wrap.shortcode-single-image-3d6f6237e95a3c291b94a17f19dcb573 .rollover-icon {\n  font-size: 32px;\n  color: #ffffff;\n  min-width: 44px;\n  min-height: 44px;\n  line-height: 44px;\n  border-radius: 100px;\n  border-style: solid;\n  border-width: 0px;\n}\n.dt-icon-bg-on.shortcode-single-image-wrap.shortcode-single-image-3d6f6237e95a3c291b94a17f19dcb573 .rollover-icon {\n  background: rgba(255,255,255,0.3);\n  box-shadow: none;\n}<\/style><div class=\"shortcode-single-image-wrap shortcode-single-image-3d6f6237e95a3c291b94a17f19dcb573 alignleft  enable-bg-rollover dt-icon-bg-off\" style=\"margin-top:0px; margin-bottom:0px; margin-left:0px; margin-right:0px; width:500px;\"><div class=\"shortcode-single-image\"><div class=\"fancy-media-wrap  layzr-bg\" style=\"\"><img fetchpriority=\"high\" decoding=\"async\" class=\"preload-me lazy-load aspect\" src=\"data:image\/svg+xml,%3Csvg%20xmlns%3D&#39;http%3A%2F%2Fwww.w3.org%2F2000%2Fsvg&#39;%20viewBox%3D&#39;0%200%20500%20709&#39;%2F%3E\" data-src=\"https:\/\/www.sifeitalia.org\/wp-content\/uploads\/2024\/01\/locandina-6.02-500x709.png\" data-srcset=\"https:\/\/www.sifeitalia.org\/wp-content\/uploads\/2024\/01\/locandina-6.02-500x709.png 500w, https:\/\/www.sifeitalia.org\/wp-content\/uploads\/2024\/01\/locandina-6.02.png 677w\" loading=\"eager\" sizes=\"(max-width: 500px) 100vw, 500px\" width=\"500\" height=\"709\"  data-dt-location=\"https:\/\/www.sifeitalia.org\/index.php\/project\/la-fissazione-esterna-dal-damage-control-al-trattamento-definitivo-2\/locandina-6-02\/\" style=\"--ratio: 500 \/ 709;\" alt=\"\" \/><\/div><\/div><\/div>[vc_empty_space]<style type=\"text\/css\" data-type=\"the7_shortcodes-inline-css\">#default-btn-322652db7b16e30a88475ff426c64944.ico-right-side > i {\n  margin-right: 0px;\n  margin-left: 8px;\n}\n#default-btn-322652db7b16e30a88475ff426c64944 > i {\n  margin-right: 8px;\n}<\/style><a href=\"https:\/\/ems.mzevents.it\/gestionale\/documenti\/evento\/2286\/programma_28_feb_2026.pdf\" class=\"default-btn-shortcode dt-btn dt-btn-l bounceIn animate-element animation-builder link-hover-off btn-inline-left \" target=\"_blank\" id=\"default-btn-322652db7b16e30a88475ff426c64944\" rel=\"noopener\"><span>Scarica il programma<\/span><\/a>[\/vc_column][vc_column offset=&#8221;vc_col-lg-6 vc_col-md-6&#8243; css=&#8221;.vc_custom_1618395710306{padding-bottom: 70px !important;}&#8221;]<div id=\"ultimate-heading-467569f4760cb20c2\" class=\"uvc-heading ult-adjust-bottom-margin ultimate-heading-467569f4760cb20c2 uvc-5346 accent-title-color color-title\" data-hspacer=\"no_spacer\"  data-halign=\"left\" style=\"text-align:left\"><div class=\"uvc-heading-spacer no_spacer\" style=\"top\"><\/div><div class=\"uvc-main-heading ult-responsive\"  data-ultimate-target='.uvc-heading.ultimate-heading-467569f4760cb20c2 h2'  data-responsive-json-new='{\"font-size\":\"desktop:25px;\",\"line-height\":\"desktop:20px;\"}' ><h2 style=\"font-family:&#039;Open Sans&#039;;font-weight:bold;color:#115d8a;margin-top:10px;margin-bottom:20px;\">Convegno Regionale SIFE Emilia Romagna: Tecniche chirurgiche per l'allungamento osseo<\/h2><\/div><div class=\"uvc-sub-heading ult-responsive\"  data-ultimate-target='.uvc-heading.ultimate-heading-467569f4760cb20c2 .uvc-sub-heading '  data-responsive-json-new='{\"font-size\":\"desktop:20px;\",\"line-height\":\"desktop:22px;\"}'  style=\"font-family:&#039;Open Sans&#039;;font-weight:300;color:#000000;\">28 Febbraio 2026<\/p>\n<p>BOLOGNA<\/p>\n<p style=\"text-align: justify;\">IRCCS Rizzoli, Bologna<br \/>\nCentro di Ricerca Codivilla Putti<br \/>\nVia di Barbiano 1\/10, Bologna<\/p>\n<p><\/div><\/div>[vc_column_text css=&#8221;.vc_custom_1772699678609{margin-top: 30px !important;margin-bottom: 20px !important;}&#8221;]<\/p>\n<p style=\"text-align: justify;\">DESCRIZIONE DEL CORSO:<\/p>\n<p style=\"text-align: justify;\">Questo Congresso \u00e8 pensato per approfondire le nozioni di base sulla rigenerazione ossea, e le tecniche chirurgiche pi\u00f9 affidabili per<br \/>\nl\u2019allungamento di un segmento osseo.<br \/>\nLa rigenerazione ossea \u00e8 un processo attraverso il quale il nostro corpo produce nuovo tessuto osseo, ed \u00e8 di fondamentale importanza per la<br \/>\nriparazione delle fratture.Nel tempo l\u2019uomo ha capito di poter sfruttare questo processo a suo vantaggio, anche per patologie ossee non legate a traumi acuti.<br \/>\nLa perdita di sostanza ossea dovuta a patologie post-traumatiche o oncologiche, e le patologie genetiche alla base dei difetti di formazione di<br \/>\nsegmenti ossei, possono avvalersi di tecniche chirurgiche che sfruttano la rigenerazione ossea, fondate sulla distrazione ossea progressiva.<br \/>\nDopo la scoperta della metodica di Ilizarov negli anni \u201880, abbiamo assistito alla introduzione in campo medico di fissatori esterni di nuova<br \/>\nconcezione, chiamati esapodali e di chiodi allungabili, in grado di semplificare la gestione dell\u2019allungamento osseo per il medico e rendere pi\u00f9 facile la vita ai pazienti che devono sottoporsi a questo tipo di intervento.<\/p>\n<p>[\/vc_column_text][vc_empty_space][\/vc_column][\/vc_row][vc_row equal_height=&#8221;yes&#8221; content_placement=&#8221;middle&#8221; bg_type=&#8221;bg_color&#8221; bg_override=&#8221;ex-full&#8221; type=&#8221;1&#8243; anchor=&#8221;what&#8221; bg_color_value=&#8221;#ffffff&#8221; css=&#8221;.vc_custom_1618395611375{margin-bottom: 50px !important;}&#8221;][vc_column width=&#8221;1\/2&#8243; offset=&#8221;vc_col-lg-6 vc_col-md-6&#8243; css=&#8221;.vc_custom_1707494553538{padding-bottom: 50px !important;}&#8221;][vc_empty_space]<style type=\"text\/css\" data-type=\"the7_shortcodes-inline-css\">.shortcode-single-image-wrap.shortcode-single-image-b69c2955b19402d6c41232f34c37b5b2.enable-bg-rollover .rollover i,\n.shortcode-single-image-wrap.shortcode-single-image-b69c2955b19402d6c41232f34c37b5b2.enable-bg-rollover .rollover-video i {\n  background: -webkit-linear-gradient();\n  background: linear-gradient();\n}\n.shortcode-single-image-wrap.shortcode-single-image-b69c2955b19402d6c41232f34c37b5b2 .rollover-icon {\n  font-size: 32px;\n  color: #ffffff;\n  min-width: 44px;\n  min-height: 44px;\n  line-height: 44px;\n  border-radius: 100px;\n  border-style: solid;\n  border-width: 0px;\n}\n.dt-icon-bg-on.shortcode-single-image-wrap.shortcode-single-image-b69c2955b19402d6c41232f34c37b5b2 .rollover-icon {\n  background: rgba(255,255,255,0.3);\n  box-shadow: none;\n}<\/style><div class=\"shortcode-single-image-wrap shortcode-single-image-b69c2955b19402d6c41232f34c37b5b2 alignleft  enable-bg-rollover dt-icon-bg-off\" style=\"margin-top:0px; margin-bottom:0px; margin-left:0px; margin-right:0px; width:500px;\"><div class=\"shortcode-single-image\"><div class=\"fancy-media-wrap  layzr-bg\" style=\"\"><img decoding=\"async\" class=\"preload-me lazy-load aspect\" src=\"data:image\/svg+xml,%3Csvg%20xmlns%3D&#39;http%3A%2F%2Fwww.w3.org%2F2000%2Fsvg&#39;%20viewBox%3D&#39;0%200%20500%20713&#39;%2F%3E\" data-src=\"https:\/\/www.sifeitalia.org\/wp-content\/uploads\/2023\/12\/Fissazione-esterna-500x713.png\" data-srcset=\"https:\/\/www.sifeitalia.org\/wp-content\/uploads\/2023\/12\/Fissazione-esterna-500x713.png 500w, https:\/\/www.sifeitalia.org\/wp-content\/uploads\/2023\/12\/Fissazione-esterna.png 642w\" loading=\"eager\" sizes=\"(max-width: 500px) 100vw, 500px\" width=\"500\" height=\"713\"  data-dt-location=\"https:\/\/www.sifeitalia.org\/fissazione-esterna\/\" style=\"--ratio: 500 \/ 713;\" alt=\"\" \/><\/div><\/div><\/div>[vc_empty_space]<style type=\"text\/css\" data-type=\"the7_shortcodes-inline-css\">#default-btn-6e9c7ea94796a61bc336d962d403aed0.ico-right-side > i {\n  margin-right: 0px;\n  margin-left: 8px;\n}\n#default-btn-6e9c7ea94796a61bc336d962d403aed0 > i {\n  margin-right: 8px;\n}<\/style><a href=\"https:\/\/www.sifeitalia.org\/wp-content\/uploads\/2023\/12\/programma-SIFE-Grottammare-9-marzo.pdf\" class=\"default-btn-shortcode dt-btn dt-btn-l bounceIn animate-element animation-builder link-hover-off btn-inline-left \" target=\"_blank\" id=\"default-btn-6e9c7ea94796a61bc336d962d403aed0\" rel=\"noopener\"><span>Scarica il programma<\/span><\/a>[\/vc_column][vc_column offset=&#8221;vc_col-lg-6 vc_col-md-6&#8243; css=&#8221;.vc_custom_1618395710306{padding-bottom: 70px !important;}&#8221;]<div id=\"ultimate-heading-995469f4760cb2ba7\" class=\"uvc-heading ult-adjust-bottom-margin ultimate-heading-995469f4760cb2ba7 uvc-8238 accent-title-color color-title\" data-hspacer=\"no_spacer\"  data-halign=\"left\" style=\"text-align:left\"><div class=\"uvc-heading-spacer no_spacer\" style=\"top\"><\/div><div class=\"uvc-main-heading ult-responsive\"  data-ultimate-target='.uvc-heading.ultimate-heading-995469f4760cb2ba7 h2'  data-responsive-json-new='{\"font-size\":\"desktop:25px;\",\"line-height\":\"desktop:20px;\"}' ><h2 style=\"font-family:&#039;Open Sans&#039;;font-weight:bold;color:#115d8a;margin-top:10px;margin-bottom:20px;\">La fissazione esterna dal damage control al trattamento definitivo<\/h2><\/div><div class=\"uvc-sub-heading ult-responsive\"  data-ultimate-target='.uvc-heading.ultimate-heading-995469f4760cb2ba7 .uvc-sub-heading '  data-responsive-json-new='{\"font-size\":\"desktop:20px;\",\"line-height\":\"desktop:22px;\"}'  style=\"font-family:&#039;Open Sans&#039;;font-weight:300;color:#000000;\">9 Marzo 2024<\/p>\n<p>GROTTAMMARE (AP)<\/p>\n<p style=\"text-align: justify;\">Club Resort Le Terrazze<br \/>\nLungomare Alcide de Gasperi, 70 63066 Grottammare AP<\/p>\n<p><\/div><\/div>[vc_column_text css=&#8221;.vc_custom_1702630144882{margin-top: 30px !important;margin-bottom: 20px !important;}&#8221;]<\/p>\n<p style=\"text-align: justify;\">DESCRIZIONE DEL CORSO:<\/p>\n<p style=\"text-align: justify;\">Questo evento nasce dalla passione comune di Fabrizio e Stefano per la fissazione esterna. Come delegati regionali della Societ\u00e0 Italiana Fissazione Esterna ci siamo dedicati con passione per organizzare un congresso in cui si parlasse di questa metodica in due regioni come l\u2019Abruzzo e le Marche, attigue non solo geograficamente ma anche come realt\u00e0 sanitarie. Crediamo che il ruolo che ha la fissazione esterna nei nostri ospedali sia quello riservato prevalentemente al damage control. Non possiamo pi\u00f9 giustificare questa nostra carenza con la mancanza di una tradizione di fissazione esterna nelle nostre terre. Lo scopo di questo primo congresso regionale SIFE congiunto Abruzzo &#8211; Marche \u00e8 di diffondere e rendere fruibile questo sistema di fissazione che, oltre ad essere usato nelle correzione di deformit\u00e0 , allungamenti e infezioni, pu\u00f2 essere largamente usato nella traumatologia complessa anche come trattamento definitivo.<br \/>\nAffronteremo quindi solo una parte delle potenzialit\u00e0 della fissazione esterna mostrando casi clinici presentati dai colleghi del nostro territorio al fine di confrontarci e discutere sulle applicazioni in essere e le potenzialit\u00e0 che questa metodica pu\u00f2 offrirci. Certi di una ampia partecipazione vi aspettiamo a Grottammare.<\/p>\n<p>[\/vc_column_text][vc_empty_space][\/vc_column][\/vc_row][vc_row equal_height=&#8221;yes&#8221; content_placement=&#8221;middle&#8221; bg_type=&#8221;grad&#8221; bg_override=&#8221;ex-full&#8221; padding_top=&#8221;50&#8243; padding_bottom=&#8221;55&#8243; bg_position=&#8221;center&#8221; type=&#8221;3&#8243; bg_image=&#8221;https:\/\/the7.io\/app\/wp-content\/uploads\/sites\/11\/2016\/02\/bg-013.jpg&#8221; css=&#8221;.vc_custom_1618933361364{padding-top: 50px !important;padding-bottom: 50px !important;}&#8221; bg_grad=&#8221;background: -webkit-gradient(linear, left top, left bottom, color-stop(0%, #008DCF), color-stop(100%, #008DCF));background: -moz-linear-gradient(left,#008DCF 0%,#008DCF 100%);background: -webkit-linear-gradient(left,#008DCF 0%,#008DCF 100%);background: -o-linear-gradient(left,#008DCF 0%,#008DCF 100%);background: -ms-linear-gradient(left,#008DCF 0%,#008DCF 100%);background: linear-gradient(left,#008DCF 0%,#008DCF 100%);&#8221;][vc_column width=&#8221;1\/2&#8243; offset=&#8221;vc_col-lg-6 vc_col-md-6 vc_col-xs-12&#8243;][vc_row_inner][vc_column_inner]<div id=\"ultimate-heading-723869f4760cb2c01\" class=\"uvc-heading ult-adjust-bottom-margin ultimate-heading-723869f4760cb2c01 uvc-7353 \" data-hspacer=\"no_spacer\"  data-halign=\"center\" style=\"text-align:center\"><div class=\"uvc-heading-spacer no_spacer\" style=\"top\"><\/div><div class=\"uvc-main-heading ult-responsive\"  data-ultimate-target='.uvc-heading.ultimate-heading-723869f4760cb2c01 h2'  data-responsive-json-new='{\"font-size\":\"desktop:22px;\",\"line-height\":\"desktop:32px;\"}' ><h2 style=\"font-family:&#039;Open Sans&#039;;font-weight:normal;font-style:normal;color:rgba(255,255,255,0.5);\">Presidenti del Corso<\/h2><\/div><div class=\"uvc-sub-heading ult-responsive\"  data-ultimate-target='.uvc-heading.ultimate-heading-723869f4760cb2c01 .uvc-sub-heading '  data-responsive-json-new='{\"font-size\":\"desktop:24px;\",\"line-height\":\"desktop:28px;\"}'  style=\"font-family:&#039;Open Sans&#039;;font-weight:300;color:#ffffff;\"><strong>Dott. Cecconi Stefano,<\/strong><br \/>\nUOC Ortopedia e Traumatologia<br \/>\ndell\u2019 Ospedale di Senigallia<br \/>\nAST Ancona<\/p>\n<p><strong>Dott. Fascione Fabrizio<\/strong>,<br \/>\nUOC Ortopedia e Traumatologia<br \/>\ndell\u2019 Ospedale di Atri<br \/>\nASL Teramo<\/div><\/div>[\/vc_column_inner][\/vc_row_inner][\/vc_column][vc_column width=&#8221;1\/2&#8243;][vc_row_inner][vc_column_inner]<div id=\"ultimate-heading-570269f4760cb2c59\" class=\"uvc-heading ult-adjust-bottom-margin ultimate-heading-570269f4760cb2c59 uvc-4978 \" data-hspacer=\"no_spacer\"  data-halign=\"center\" style=\"text-align:center\"><div class=\"uvc-heading-spacer no_spacer\" style=\"top\"><\/div><div class=\"uvc-main-heading ult-responsive\"  data-ultimate-target='.uvc-heading.ultimate-heading-570269f4760cb2c59 h2'  data-responsive-json-new='{\"font-size\":\"desktop:22px;\",\"line-height\":\"desktop:32px;\"}' ><h2 style=\"font-family:&#039;Open Sans&#039;;font-weight:normal;font-style:normal;color:rgba(255,255,255,0.5);\">Segreteria Scientifica<\/h2><\/div><div class=\"uvc-sub-heading ult-responsive\"  data-ultimate-target='.uvc-heading.ultimate-heading-570269f4760cb2c59 .uvc-sub-heading '  data-responsive-json-new='{\"font-size\":\"desktop:24px;\",\"line-height\":\"desktop:28px;\"}'  style=\"font-family:&#039;Open Sans&#039;;font-weight:300;color:#ffffff;\"><strong>Dott. Carola Donato<\/strong>, Senigallia<br \/>\n<strong>Dott. Di Mauro Michele<\/strong>, Atri<\/div><\/div>[\/vc_column_inner][\/vc_row_inner][\/vc_column][\/vc_row][vc_row full_width=&#8221;stretch_row&#8221; css=&#8221;.vc_custom_1638191396556{padding-top: 70px !important;padding-bottom: 70px !important;}&#8221;][vc_column width=&#8221;1\/2&#8243;]<div class=\"smile_icon_list_wrap ult_info_list_container ult-adjust-bottom-margin  \"><ul class=\"smile_icon_list left circle with_bg\"><li class=\"icon_list_item\" style=\" font-size:72px;\"><div class=\"icon_list_icon\" data-animation=\"fadeIn\" data-animation-delay=\"03\" style=\"font-size:24px;border-width:1px;border-style:none;background:#ffffff;color:#329bd2;border-color:#333333;\"><i class=\"icomoon-feather-24x24-bar-graph-2\" ><\/i><\/div><div class=\"icon_description\" id=\"Info-list-wrap-5342\" style=\"font-size:24px;\"><h3 class=\"ult-responsive info-list-heading\"  data-ultimate-target='#Info-list-wrap-5342 h3'  data-responsive-json-new='{\"font-size\":\"desktop:18px;\",\"line-height\":\"desktop:35px;\"}'  style=\"font-family:&#039;Open Sans&#039;;font-weight:600;color:#45474b;\">Quote<\/h3><div class=\"icon_description_text ult-responsive\"  data-ultimate-target='#Info-list-wrap-5342 .icon_description_text'  data-responsive-json-new='{\"font-size\":\"desktop:16px;\",\"line-height\":\"desktop:22px;\"}'  style=\"color:#8f9194;\"><table style=\"height: 238px;\" width=\"659\">\n<tbody>\n<tr>\n<td width=\"321\">Socio SIFE*<\/td>\n<td width=\"321\">GRATUITO<\/td>\n<\/tr>\n<tr>\n<td width=\"321\">NON Socio SIFE<\/td>\n<td width=\"321\">\u20ac 80,00 IVA incl.<\/td>\n<\/tr>\n<tr>\n<td width=\"321\">Non Socio Specializzando<\/td>\n<td width=\"321\">\u20ac 35,00 iva incl.<\/td>\n<\/tr>\n<tr>\n<td width=\"321\"><\/td>\n<td width=\"321\"><\/td>\n<\/tr>\n<tr>\n<td width=\"321\"><\/td>\n<td width=\"321\"><\/td>\n<\/tr>\n<\/tbody>\n<\/table>\n<p>* in regola con la quota associativa 2023<\/p>\n<\/div><\/div><div class=\"icon_list_connector\"  style=\"border-right-width: 1px;border-right-style: dashed;border-color: rgba(50,155,210,0.5);\"><\/div><\/li><\/ul><\/div>[\/vc_column][vc_column width=&#8221;1\/2&#8243;]<style type=\"text\/css\" data-type=\"the7_shortcodes-inline-css\">#default-btn-a4aed3207fb0e159f101c2b1e649f576.ico-right-side > i {\n  margin-right: 0px;\n  margin-left: 8px;\n}\n#default-btn-a4aed3207fb0e159f101c2b1e649f576 > i {\n  margin-right: 8px;\n}<\/style><div class=\"btn-align-center\"><a href=\"https:\/\/ems.mzevents.it\/start\/2193\" class=\"default-btn-shortcode dt-btn dt-btn-l link-hover-off  vc_custom_1702632422397\" target=\"_blank\" id=\"default-btn-a4aed3207fb0e159f101c2b1e649f576\" rel=\"noopener\"><span>ISCRIVITI<\/span><\/a><\/div>[\/vc_column][\/vc_row][vc_row full_width=&#8221;stretch_row&#8221; disable_element=&#8221;yes&#8221; css=&#8221;.vc_custom_1695280185116{padding-top: 70px !important;padding-bottom: 70px !important;}&#8221;][vc_column]<div class=\"smile_icon_list_wrap ult_info_list_container ult-adjust-bottom-margin  \"><ul class=\"smile_icon_list left circle with_bg\"><li class=\"icon_list_item\" style=\" font-size:72px;\"><div class=\"icon_list_icon\" data-animation=\"fadeIn\" data-animation-delay=\"03\" style=\"font-size:24px;border-width:1px;border-style:none;background:#ffffff;color:#329bd2;border-color:#333333;\"><i class=\"Defaults-check-square-o\" ><\/i><\/div><div class=\"icon_description\" id=\"Info-list-wrap-2061\" style=\"font-size:24px;\"><div class=\"icon_description_text ult-responsive\"  data-ultimate-target='#Info-list-wrap-2061 .icon_description_text'  data-responsive-json-new='{\"font-size\":\"desktop:18px;\",\"line-height\":\"desktop:22px;\"}'  style=\"color:#8f9194;\"><p>Gli abstracts, in italiano ed inglese, possono essere inviati tramite la pagina dedicata sul sito <a href=\"https:\/\/www.sifeitalia.org\">www.sifeitalia.org<\/a>.<br \/>\nGli abstracts pervenuti saranno sottoposti alla valutazione del Comitato Scientifico che ne decider\u00e0 l\u2019accettazione.<br \/>\nDeadline per il ricevimento: 20 settembre 2023<\/p>\n<p>ISTRUZIONI PER L\u2019INVIO<br \/>\n\u00c8 opportuno leggere interamente il presente documento prima di procedere.<br \/>\nQuesto servizio vi consente di inviare on-line il vostro abstract.<br \/>\nGli abstract dovranno essere redatti come segue:<br \/>\n\u2022 Lingua: Italiano<br \/>\n\u2022 Numero massimo di caratteri, spazi inclusi: 3200 \u2013 compresi titolo, autori ed affiliazioni.<br \/>\nSono consentite le abbreviazioni standard comunemente in uso in medicina, gli altri acronimi vanno scritti per esteso alla prima apparizione nel testo.<br \/>\nNon sono accettate figure, tabelle e bibliografia.<br \/>\nIn fase di sottomissione dell\u2019Abstract viene richiesto l\u2019inserimento dell\u2019anno di nascita e la categoria professionale del primo autore.<br \/>\nIn caso di problemi inerenti all\u2019invio, si prega di contattare la Segreteria Organizzativa<br \/>\nMZ Events tel. 02\/66802323, e-mail: <a href=\"mailto:marta.tollis@mzevents.it\">marta.tollis@mzevents.it<\/a><\/p>\n<\/div><\/div><div class=\"icon_list_connector\"  style=\"border-right-width: 1px;border-right-style: dashed;border-color: rgba(50,155,210,0.5);\"><\/div><\/li><\/ul><\/div><div class=\"smile_icon_list_wrap ult_info_list_container ult-adjust-bottom-margin  \"><ul class=\"smile_icon_list left circle with_bg\"><li class=\"icon_list_item\" style=\" font-size:72px;\"><div class=\"icon_list_icon\" data-animation=\"fadeIn\" data-animation-delay=\"03\" style=\"font-size:24px;border-width:1px;border-style:none;background:#ffffff;color:#329bd2;border-color:#333333;\"><i class=\"far fa-hand-point-right\" ><\/i><\/div><div class=\"icon_description\" id=\"Info-list-wrap-1665\" style=\"font-size:24px;\"><h3 class=\"ult-responsive info-list-heading\"  data-ultimate-target='#Info-list-wrap-1665 h3'  data-responsive-json-new='{\"font-size\":\"desktop:18px;\",\"line-height\":\"desktop:35px;\"}'  style=\"font-family:&#039;Open Sans&#039;;font-weight:600;color:#45474b;\">1\u00b0 PASSAGGIO<\/h3><div class=\"icon_description_text ult-responsive\"  data-ultimate-target='#Info-list-wrap-1665 .icon_description_text'  data-responsive-json-new='{\"font-size\":\"desktop:16px;\",\"line-height\":\"desktop:22px;\"}'  style=\"color:#8f9194;\"><p>Vi preghiamo di controllare con attenzione la correttezza del vostro indirizzo di posta elettronica!<br \/>\n\u00c8 necessario compilare la scheda dei dati personali DEL PRESENTATORE.<br \/>\nLa compilazione dei campi \u00e8 condizione necessaria per poter proseguire.<br \/>\nSuccessivamente occorre specificare il titolo del vostro abstract. Il titolo deve essere breve ed esprimere chiaramente la tipologia dello studio.<br \/>\nSar\u00e0 poi possibile indicare gli autori dell\u2019abstract seguendo le modalit\u00e0 di seguito specificate:<br \/>\n\u2022 Autori, scritti nel modo seguente:<br \/>\n&#8211; Cognome<br \/>\n&#8211; Nome<br \/>\n\u2022 Affiliazioni in italiano scritte in carattere maiuscolo\/minuscolo complete di:<br \/>\n&#8211; Unit\u00e0 Operativa<br \/>\n&#8211; Ospedale \/ Universit\u00e0<br \/>\n&#8211; Citt\u00e0<br \/>\nNel caso in cui pi\u00f9 autori avessero la stessa affiliazione, \u00e8 necessario riportare la stessa identica dicitura nell\u2019apposito campo.<\/p>\n<p>Segnaliamo che i nomi degli autori verranno puntati automaticamente (esempio Mario sar\u00e0 M.) mentre i cognomi saranno per esteso, \u00e8 quindi consigliabile non inserire nomi di enti o gruppi di studio nell\u2019elenco autori. Ogni primo autore potr\u00e0 inviare un massimo di 3 abstract.<br \/>\nIl corpo dell\u2019abstract dovr\u00e0 essere articolato nei seguenti 4 punti:<br \/>\n\u2022 Introduzione-Scopo<br \/>\nDescrivere in breve i presupposti e gli scopi della ricerca<br \/>\n\u2022 Materiali e Metodi<br \/>\nDescrivere la casistica e la metodica di trattamento utilizzata<br \/>\n\u2022 Risultati<br \/>\nSintetica e significativa presentazione dei risultati ottenuti<br \/>\n\u2022 Conclusioni<br \/>\nSintetizzare i risultati ottenuti nell\u2019ottica dello scopo prefisso<\/p>\n<p>Vi invitiamo a digitare il testo dell\u2019abstract direttamente negli appositi spazi, per garantire che la formattazione originale del testo non subisca modifiche.<\/p>\n<\/div><\/div><div class=\"icon_list_connector\"  style=\"border-right-width: 1px;border-right-style: dashed;border-color: rgba(50,155,210,0.5);\"><\/div><\/li><li class=\"icon_list_item\" style=\" font-size:72px;\"><div class=\"icon_list_icon\" data-animation=\"fadeIn\" data-animation-delay=\"03\" style=\"font-size:24px;border-width:1px;border-style:none;background:#ffffff;color:#329bd2;border-color:#333333;\"><i class=\"far fa-hand-point-right\" ><\/i><\/div><div class=\"icon_description\" id=\"Info-list-wrap-9002\" style=\"font-size:24px;\"><h3 class=\"ult-responsive info-list-heading\"  data-ultimate-target='#Info-list-wrap-9002 h3'  data-responsive-json-new='{\"font-size\":\"desktop:18px;\",\"line-height\":\"desktop:35px;\"}'  style=\"font-family:&#039;Open Sans&#039;;font-weight:600;color:#45474b;\">2\u00b0 PASSAGGIO<\/h3><div class=\"icon_description_text ult-responsive\"  data-ultimate-target='#Info-list-wrap-9002 .icon_description_text'  data-responsive-json-new='{\"font-size\":\"desktop:16px;\",\"line-height\":\"desktop:22px;\"}'  style=\"color:#8f9194;\"><p>Una volta completata l\u2019operazione, verr\u00e0 inviata la conferma di ricezione all\u2019indirizzo specificato.<br \/>\nLa Segreteria Organizzativa invier\u00e0 agli autori la lettera di avvenuta accettazione\/rifiuto.<br \/>\nll presentatore di ogni comunicazione orale dovr\u00e0 obbligatoriamente iscriversi al Congresso e alla societ\u00e0 SIFE entro il 22 settembre 2023.<\/p>\n<\/div><\/div><div class=\"icon_list_connector\"  style=\"border-right-width: 1px;border-right-style: dashed;border-color: rgba(50,155,210,0.5);\"><\/div><\/li><\/ul><\/div><div class=\"smile_icon_list_wrap ult_info_list_container ult-adjust-bottom-margin  \"><ul class=\"smile_icon_list left circle with_bg\"><li class=\"icon_list_item\" style=\" font-size:72px;\"><div class=\"icon_list_icon\" data-animation=\"fadeIn\" data-animation-delay=\"03\" style=\"font-size:24px;border-width:1px;border-style:none;background:#ffffff;color:#329bd2;border-color:#333333;\"><i class=\"Defaults-clipboard paste\" ><\/i><\/div><div class=\"icon_description\" id=\"Info-list-wrap-5856\" style=\"font-size:24px;\"><h3 class=\"ult-responsive info-list-heading\"  data-ultimate-target='#Info-list-wrap-5856 h3'  data-responsive-json-new='{\"font-size\":\"desktop:18px;\",\"line-height\":\"desktop:35px;\"}'  style=\"font-family:&#039;Open Sans&#039;;font-weight:600;color:#45474b;\">Modalit\u00e0 di presentazione in sede congressuale<\/h3><div class=\"icon_description_text ult-responsive\"  data-ultimate-target='#Info-list-wrap-5856 .icon_description_text'  data-responsive-json-new='{\"font-size\":\"desktop:16px;\",\"line-height\":\"desktop:22px;\"}'  style=\"color:#8f9194;\"><p>Sono previste nel programma 3 sessioni di comunicazioni libere. Il tempo a disposizione per l\u2019esposizione del lavoro \u00e8 di 6 minuti pi\u00f9 2 di discussione.<br \/>\nMaggiori dettagli saranno forniti ai presentatori nella lettera di avvenuta accettazione.<\/p>\n<\/div><\/div><div class=\"icon_list_connector\"  style=\"border-right-width: 1px;border-right-style: dashed;border-color: rgba(50,155,210,0.5);\"><\/div><\/li><\/ul><\/div><div class=\"smile_icon_list_wrap ult_info_list_container ult-adjust-bottom-margin  \"><ul class=\"smile_icon_list left circle with_bg\"><li class=\"icon_list_item\" style=\" font-size:72px;\"><div class=\"icon_list_icon\" data-animation=\"fadeIn\" data-animation-delay=\"03\" style=\"font-size:24px;border-width:1px;border-style:none;background:#ffffff;color:#329bd2;border-color:#333333;\"><i class=\"icomoon-font-awesome-14x14-book\" ><\/i><\/div><div class=\"icon_description\" id=\"Info-list-wrap-3175\" style=\"font-size:24px;\"><h3 class=\"ult-responsive info-list-heading\"  data-ultimate-target='#Info-list-wrap-3175 h3'  data-responsive-json-new='{\"font-size\":\"desktop:18px;\",\"line-height\":\"desktop:35px;\"}'  style=\"font-family:&#039;Open Sans&#039;;font-weight:600;color:#45474b;\">Concorso comunicazioni libere<\/h3><div class=\"icon_description_text ult-responsive\"  data-ultimate-target='#Info-list-wrap-3175 .icon_description_text'  data-responsive-json-new='{\"font-size\":\"desktop:16px;\",\"line-height\":\"desktop:22px;\"}'  style=\"color:#8f9194;\"><p>Le 3 migliori Comunicazioni Libere del Congresso saranno premiate con i libri di D. Paley, M. Catagni e A. Kirienko con la firma degli Autori.<\/p>\n<\/div><\/div><div class=\"icon_list_connector\"  style=\"border-right-width: 1px;border-right-style: dashed;border-color: rgba(50,155,210,0.5);\"><\/div><\/li><\/ul><\/div>[\/vc_column][\/vc_row][vc_row full_width=&#8221;stretch_row&#8221; bg_type=&#8221;bg_color&#8221; bg_override=&#8221;full&#8221; css=&#8221;.vc_custom_1638186863072{padding-top: 70px !important;padding-bottom: 70px !important;}&#8221; bg_color_value=&#8221;#008dcf&#8221;][vc_column]<div class=\"smile_icon_list_wrap ult_info_list_container ult-adjust-bottom-margin  \"><ul class=\"smile_icon_list left circle with_bg\"><li class=\"icon_list_item\" style=\" font-size:72px;\"><div class=\"icon_list_icon\" data-animation=\"fadeIn\" data-animation-delay=\"03\" style=\"font-size:24px;border-width:1px;border-style:none;background:#ffffff;color:#329bd2;border-color:#333333;\"><i class=\"Defaults-tty\" ><\/i><\/div><div class=\"icon_description\" id=\"Info-list-wrap-1631\" style=\"font-size:24px;\"><h3 class=\"ult-responsive info-list-heading\"  data-ultimate-target='#Info-list-wrap-1631 h3'  data-responsive-json-new='{\"font-size\":\"desktop:18px;\",\"line-height\":\"desktop:35px;\"}'  style=\"font-family:&#039;Open Sans&#039;;font-weight:600;color:#ffffff;\">SEGRETERIA ORGANIZZATIVA<\/h3><div class=\"icon_description_text ult-responsive\"  data-ultimate-target='#Info-list-wrap-1631 .icon_description_text'  data-responsive-json-new='{\"font-size\":\"desktop:16px;\",\"line-height\":\"desktop:22px;\"}'  style=\"color:#8f9194;\"><p><img loading=\"lazy\" decoding=\"async\" class=\"alignnone wp-image-2632\" src=\"https:\/\/www.sifeitalia.org\/wp-content\/uploads\/2023\/03\/MZ-Events_tutto_bianco-300x172.png\" alt=\"\" width=\"157\" height=\"90\" srcset=\"https:\/\/www.sifeitalia.org\/wp-content\/uploads\/2023\/03\/MZ-Events_tutto_bianco-300x172.png 300w, https:\/\/www.sifeitalia.org\/wp-content\/uploads\/2023\/03\/MZ-Events_tutto_bianco.png 660w\" sizes=\"auto, (max-width: 157px) 100vw, 157px\" \/><br \/>\n<span style=\"color: white;\">Via Carlo Farini 81 &#8211; 20159 Milano<br \/>\nTel 02 66802323<br \/>\nAnna Grossi: <a href=\"mailto:anna.grossi@MZevents.it\">anna.grossi@MZevents.it<\/a><br \/>\nFederica Donzelli: <a href=\"mailto:federica.donzelli@MZevents.it\">federica.donzelli@mzevents.it<\/a><br \/>\n<\/span><\/p>\n<\/div><\/div><div class=\"icon_list_connector\"  style=\"border-right-width: 1px;border-right-style: dashed;border-color: rgba(50,155,210,0.5);\"><\/div><\/li><\/ul><\/div>[\/vc_column][\/vc_row][vc_row][vc_column][\/vc_column][\/vc_row]<\/p>\n<\/section>","protected":false},"excerpt":{"rendered":"<p>[vc_row equal_height=&#8221;yes&#8221; content_placement=&#8221;middle&#8221; bg_type=&#8221;bg_color&#8221; bg_override=&#8221;ex-full&#8221; type=&#8221;1&#8243; anchor=&#8221;what&#8221; bg_color_value=&#8221;#ffffff&#8221; css=&#8221;.vc_custom_1618395611375{margin-bottom: 50px !important;}&#8221;][vc_column width=&#8221;1\/2&#8243; offset=&#8221;vc_col-lg-6 vc_col-md-6&#8243; css=&#8221;.vc_custom_1707494553538{padding-bottom: 50px !important;}&#8221;][vc_empty_space][vc_empty_space][\/vc_column][vc_column offset=&#8221;vc_col-lg-6 vc_col-md-6&#8243; css=&#8221;.vc_custom_1618395710306{padding-bottom: 70px !important;}&#8221;][vc_column_text css=&#8221;.vc_custom_1772699678609{margin-top: 30px !important;margin-bottom: 20px !important;}&#8221;] DESCRIZIONE DEL CORSO: Questo Congresso \u00e8 pensato per approfondire le nozioni di base sulla rigenerazione ossea, e le tecniche chirurgiche pi\u00f9 affidabili per l\u2019allungamento di un segmento osseo.&hellip;<\/p>\n","protected":false},"author":1,"featured_media":3276,"comment_status":"open","ping_status":"closed","template":"","dt_portfolio_category":[11],"dt_portfolio_tags":[],"class_list":["post-2852","dt_portfolio","type-dt_portfolio","status-publish","has-post-thumbnail","hentry","dt_portfolio_category-corsi-regionali","dt_portfolio_category-11","description-off"],"yoast_head":"<!-- This site is optimized with the Yoast SEO plugin v27.1 - https:\/\/yoast.com\/product\/yoast-seo-wordpress\/ -->\n<title>Convegno Regionale SIFE Emilia Romagna: Tecniche chirurgiche per l&#039;allungamento osseo - sifeitalia<\/title>\n<meta name=\"robots\" content=\"index, follow, max-snippet:-1, max-image-preview:large, max-video-preview:-1\" \/>\n<link rel=\"canonical\" href=\"https:\/\/www.sifeitalia.org\/index.php\/project\/la-fissazione-esterna-dal-damage-control-al-trattamento-definitivo-2\/\" \/>\n<meta property=\"og:locale\" content=\"it_IT\" \/>\n<meta property=\"og:type\" content=\"article\" \/>\n<meta property=\"og:title\" content=\"Convegno Regionale SIFE Emilia Romagna: Tecniche chirurgiche per l&#039;allungamento osseo - sifeitalia\" \/>\n<meta property=\"og:description\" content=\"[vc_row equal_height=&#8221;yes&#8221; content_placement=&#8221;middle&#8221; bg_type=&#8221;bg_color&#8221; bg_override=&#8221;ex-full&#8221; type=&#8221;1&#8243; anchor=&#8221;what&#8221; bg_color_value=&#8221;#ffffff&#8221; css=&#8221;.vc_custom_1618395611375{margin-bottom: 50px !important;}&#8221;][vc_column width=&#8221;1\/2&#8243; offset=&#8221;vc_col-lg-6 vc_col-md-6&#8243; css=&#8221;.vc_custom_1707494553538{padding-bottom: 50px !important;}&#8221;][vc_empty_space][vc_empty_space][\/vc_column][vc_column offset=&#8221;vc_col-lg-6 vc_col-md-6&#8243; css=&#8221;.vc_custom_1618395710306{padding-bottom: 70px !important;}&#8221;][vc_column_text css=&#8221;.vc_custom_1772699678609{margin-top: 30px !important;margin-bottom: 20px !important;}&#8221;] DESCRIZIONE DEL CORSO: Questo Congresso \u00e8 pensato per approfondire le nozioni di base sulla rigenerazione ossea, e le tecniche chirurgiche pi\u00f9 affidabili per l\u2019allungamento di un segmento osseo.&hellip;\" \/>\n<meta property=\"og:url\" content=\"https:\/\/www.sifeitalia.org\/index.php\/project\/la-fissazione-esterna-dal-damage-control-al-trattamento-definitivo-2\/\" \/>\n<meta property=\"og:site_name\" content=\"sifeitalia\" \/>\n<meta property=\"article:modified_time\" content=\"2026-03-05T08:38:01+00:00\" \/>\n<meta property=\"og:image\" content=\"https:\/\/www.sifeitalia.org\/wp-content\/uploads\/2024\/01\/locandina-6.02.png\" \/>\n\t<meta property=\"og:image:width\" content=\"677\" \/>\n\t<meta property=\"og:image:height\" content=\"960\" \/>\n\t<meta property=\"og:image:type\" content=\"image\/png\" \/>\n<meta name=\"twitter:card\" content=\"summary_large_image\" \/>\n<meta name=\"twitter:label1\" content=\"Tempo di lettura stimato\" \/>\n\t<meta name=\"twitter:data1\" content=\"8 minuti\" \/>\n<script type=\"application\/ld+json\" class=\"yoast-schema-graph\">{\"@context\":\"https:\/\/schema.org\",\"@graph\":[{\"@type\":\"WebPage\",\"@id\":\"https:\/\/www.sifeitalia.org\/index.php\/project\/la-fissazione-esterna-dal-damage-control-al-trattamento-definitivo-2\/\",\"url\":\"https:\/\/www.sifeitalia.org\/index.php\/project\/la-fissazione-esterna-dal-damage-control-al-trattamento-definitivo-2\/\",\"name\":\"Convegno Regionale SIFE Emilia Romagna: Tecniche chirurgiche per l'allungamento osseo - sifeitalia\",\"isPartOf\":{\"@id\":\"https:\/\/www.sifeitalia.org\/#website\"},\"primaryImageOfPage\":{\"@id\":\"https:\/\/www.sifeitalia.org\/index.php\/project\/la-fissazione-esterna-dal-damage-control-al-trattamento-definitivo-2\/#primaryimage\"},\"image\":{\"@id\":\"https:\/\/www.sifeitalia.org\/index.php\/project\/la-fissazione-esterna-dal-damage-control-al-trattamento-definitivo-2\/#primaryimage\"},\"thumbnailUrl\":\"https:\/\/www.sifeitalia.org\/wp-content\/uploads\/2024\/01\/locandina-6.02.png\",\"datePublished\":\"2024-01-26T09:31:47+00:00\",\"dateModified\":\"2026-03-05T08:38:01+00:00\",\"breadcrumb\":{\"@id\":\"https:\/\/www.sifeitalia.org\/index.php\/project\/la-fissazione-esterna-dal-damage-control-al-trattamento-definitivo-2\/#breadcrumb\"},\"inLanguage\":\"it-IT\",\"potentialAction\":[{\"@type\":\"ReadAction\",\"target\":[\"https:\/\/www.sifeitalia.org\/index.php\/project\/la-fissazione-esterna-dal-damage-control-al-trattamento-definitivo-2\/\"]}]},{\"@type\":\"ImageObject\",\"inLanguage\":\"it-IT\",\"@id\":\"https:\/\/www.sifeitalia.org\/index.php\/project\/la-fissazione-esterna-dal-damage-control-al-trattamento-definitivo-2\/#primaryimage\",\"url\":\"https:\/\/www.sifeitalia.org\/wp-content\/uploads\/2024\/01\/locandina-6.02.png\",\"contentUrl\":\"https:\/\/www.sifeitalia.org\/wp-content\/uploads\/2024\/01\/locandina-6.02.png\",\"width\":677,\"height\":960},{\"@type\":\"BreadcrumbList\",\"@id\":\"https:\/\/www.sifeitalia.org\/index.php\/project\/la-fissazione-esterna-dal-damage-control-al-trattamento-definitivo-2\/#breadcrumb\",\"itemListElement\":[{\"@type\":\"ListItem\",\"position\":1,\"name\":\"Home\",\"item\":\"https:\/\/www.sifeitalia.org\/\"},{\"@type\":\"ListItem\",\"position\":2,\"name\":\"Portafoglio\",\"item\":\"https:\/\/www.sifeitalia.org\/index.php\/project\/\"},{\"@type\":\"ListItem\",\"position\":3,\"name\":\"Convegno Regionale SIFE Emilia Romagna: Tecniche chirurgiche per l&#8217;allungamento osseo\"}]},{\"@type\":\"WebSite\",\"@id\":\"https:\/\/www.sifeitalia.org\/#website\",\"url\":\"https:\/\/www.sifeitalia.org\/\",\"name\":\"sifeitalia\",\"description\":\"Societ\u00e0 Italiana Fissazione Esterna\",\"potentialAction\":[{\"@type\":\"SearchAction\",\"target\":{\"@type\":\"EntryPoint\",\"urlTemplate\":\"https:\/\/www.sifeitalia.org\/?s={search_term_string}\"},\"query-input\":{\"@type\":\"PropertyValueSpecification\",\"valueRequired\":true,\"valueName\":\"search_term_string\"}}],\"inLanguage\":\"it-IT\"}]}<\/script>\n<!-- \/ Yoast SEO plugin. -->","yoast_head_json":{"title":"Convegno Regionale SIFE Emilia Romagna: Tecniche chirurgiche per l'allungamento osseo - sifeitalia","robots":{"index":"index","follow":"follow","max-snippet":"max-snippet:-1","max-image-preview":"max-image-preview:large","max-video-preview":"max-video-preview:-1"},"canonical":"https:\/\/www.sifeitalia.org\/index.php\/project\/la-fissazione-esterna-dal-damage-control-al-trattamento-definitivo-2\/","og_locale":"it_IT","og_type":"article","og_title":"Convegno Regionale SIFE Emilia Romagna: Tecniche chirurgiche per l'allungamento osseo - sifeitalia","og_description":"[vc_row equal_height=&#8221;yes&#8221; content_placement=&#8221;middle&#8221; bg_type=&#8221;bg_color&#8221; bg_override=&#8221;ex-full&#8221; type=&#8221;1&#8243; anchor=&#8221;what&#8221; bg_color_value=&#8221;#ffffff&#8221; css=&#8221;.vc_custom_1618395611375{margin-bottom: 50px !important;}&#8221;][vc_column width=&#8221;1\/2&#8243; offset=&#8221;vc_col-lg-6 vc_col-md-6&#8243; css=&#8221;.vc_custom_1707494553538{padding-bottom: 50px !important;}&#8221;][vc_empty_space][vc_empty_space][\/vc_column][vc_column offset=&#8221;vc_col-lg-6 vc_col-md-6&#8243; css=&#8221;.vc_custom_1618395710306{padding-bottom: 70px !important;}&#8221;][vc_column_text css=&#8221;.vc_custom_1772699678609{margin-top: 30px !important;margin-bottom: 20px !important;}&#8221;] DESCRIZIONE DEL CORSO: Questo Congresso \u00e8 pensato per approfondire le nozioni di base sulla rigenerazione ossea, e le tecniche chirurgiche pi\u00f9 affidabili per l\u2019allungamento di un segmento osseo.&hellip;","og_url":"https:\/\/www.sifeitalia.org\/index.php\/project\/la-fissazione-esterna-dal-damage-control-al-trattamento-definitivo-2\/","og_site_name":"sifeitalia","article_modified_time":"2026-03-05T08:38:01+00:00","og_image":[{"width":677,"height":960,"url":"https:\/\/www.sifeitalia.org\/wp-content\/uploads\/2024\/01\/locandina-6.02.png","type":"image\/png"}],"twitter_card":"summary_large_image","twitter_misc":{"Tempo di lettura stimato":"8 minuti"},"schema":{"@context":"https:\/\/schema.org","@graph":[{"@type":"WebPage","@id":"https:\/\/www.sifeitalia.org\/index.php\/project\/la-fissazione-esterna-dal-damage-control-al-trattamento-definitivo-2\/","url":"https:\/\/www.sifeitalia.org\/index.php\/project\/la-fissazione-esterna-dal-damage-control-al-trattamento-definitivo-2\/","name":"Convegno Regionale SIFE Emilia Romagna: Tecniche chirurgiche per l'allungamento osseo - sifeitalia","isPartOf":{"@id":"https:\/\/www.sifeitalia.org\/#website"},"primaryImageOfPage":{"@id":"https:\/\/www.sifeitalia.org\/index.php\/project\/la-fissazione-esterna-dal-damage-control-al-trattamento-definitivo-2\/#primaryimage"},"image":{"@id":"https:\/\/www.sifeitalia.org\/index.php\/project\/la-fissazione-esterna-dal-damage-control-al-trattamento-definitivo-2\/#primaryimage"},"thumbnailUrl":"https:\/\/www.sifeitalia.org\/wp-content\/uploads\/2024\/01\/locandina-6.02.png","datePublished":"2024-01-26T09:31:47+00:00","dateModified":"2026-03-05T08:38:01+00:00","breadcrumb":{"@id":"https:\/\/www.sifeitalia.org\/index.php\/project\/la-fissazione-esterna-dal-damage-control-al-trattamento-definitivo-2\/#breadcrumb"},"inLanguage":"it-IT","potentialAction":[{"@type":"ReadAction","target":["https:\/\/www.sifeitalia.org\/index.php\/project\/la-fissazione-esterna-dal-damage-control-al-trattamento-definitivo-2\/"]}]},{"@type":"ImageObject","inLanguage":"it-IT","@id":"https:\/\/www.sifeitalia.org\/index.php\/project\/la-fissazione-esterna-dal-damage-control-al-trattamento-definitivo-2\/#primaryimage","url":"https:\/\/www.sifeitalia.org\/wp-content\/uploads\/2024\/01\/locandina-6.02.png","contentUrl":"https:\/\/www.sifeitalia.org\/wp-content\/uploads\/2024\/01\/locandina-6.02.png","width":677,"height":960},{"@type":"BreadcrumbList","@id":"https:\/\/www.sifeitalia.org\/index.php\/project\/la-fissazione-esterna-dal-damage-control-al-trattamento-definitivo-2\/#breadcrumb","itemListElement":[{"@type":"ListItem","position":1,"name":"Home","item":"https:\/\/www.sifeitalia.org\/"},{"@type":"ListItem","position":2,"name":"Portafoglio","item":"https:\/\/www.sifeitalia.org\/index.php\/project\/"},{"@type":"ListItem","position":3,"name":"Convegno Regionale SIFE Emilia Romagna: Tecniche chirurgiche per l&#8217;allungamento osseo"}]},{"@type":"WebSite","@id":"https:\/\/www.sifeitalia.org\/#website","url":"https:\/\/www.sifeitalia.org\/","name":"sifeitalia","description":"Societ\u00e0 Italiana Fissazione Esterna","potentialAction":[{"@type":"SearchAction","target":{"@type":"EntryPoint","urlTemplate":"https:\/\/www.sifeitalia.org\/?s={search_term_string}"},"query-input":{"@type":"PropertyValueSpecification","valueRequired":true,"valueName":"search_term_string"}}],"inLanguage":"it-IT"}]}},"_links":{"self":[{"href":"https:\/\/www.sifeitalia.org\/index.php\/wp-json\/wp\/v2\/dt_portfolio\/2852","targetHints":{"allow":["GET"]}}],"collection":[{"href":"https:\/\/www.sifeitalia.org\/index.php\/wp-json\/wp\/v2\/dt_portfolio"}],"about":[{"href":"https:\/\/www.sifeitalia.org\/index.php\/wp-json\/wp\/v2\/types\/dt_portfolio"}],"author":[{"embeddable":true,"href":"https:\/\/www.sifeitalia.org\/index.php\/wp-json\/wp\/v2\/users\/1"}],"replies":[{"embeddable":true,"href":"https:\/\/www.sifeitalia.org\/index.php\/wp-json\/wp\/v2\/comments?post=2852"}],"version-history":[{"count":8,"href":"https:\/\/www.sifeitalia.org\/index.php\/wp-json\/wp\/v2\/dt_portfolio\/2852\/revisions"}],"predecessor-version":[{"id":3278,"href":"https:\/\/www.sifeitalia.org\/index.php\/wp-json\/wp\/v2\/dt_portfolio\/2852\/revisions\/3278"}],"wp:featuredmedia":[{"embeddable":true,"href":"https:\/\/www.sifeitalia.org\/index.php\/wp-json\/wp\/v2\/media\/3276"}],"wp:attachment":[{"href":"https:\/\/www.sifeitalia.org\/index.php\/wp-json\/wp\/v2\/media?parent=2852"}],"wp:term":[{"taxonomy":"dt_portfolio_category","embeddable":true,"href":"https:\/\/www.sifeitalia.org\/index.php\/wp-json\/wp\/v2\/dt_portfolio_category?post=2852"},{"taxonomy":"dt_portfolio_tags","embeddable":true,"href":"https:\/\/www.sifeitalia.org\/index.php\/wp-json\/wp\/v2\/dt_portfolio_tags?post=2852"}],"curies":[{"name":"wp","href":"https:\/\/api.w.org\/{rel}","templated":true}]}}