{"id":2623,"date":"2023-03-02T11:13:16","date_gmt":"2023-03-02T10:13:16","guid":{"rendered":"https:\/\/www.sifeitalia.org\/?post_type=dt_portfolio&#038;p=2623"},"modified":"2023-11-02T16:54:33","modified_gmt":"2023-11-02T15:54:33","slug":"congresso-nazionale-sife-2023","status":"publish","type":"dt_portfolio","link":"https:\/\/www.sifeitalia.org\/index.php\/project\/congresso-nazionale-sife-2023\/","title":{"rendered":"CONGRESSO NAZIONALE SIFE 2023"},"content":{"rendered":"<section class=\"wpb-content-wrapper\"><p>[vc_row][vc_column]<div id=\"ultimate-heading-859369f5b79d8859b\" class=\"uvc-heading ult-adjust-bottom-margin ultimate-heading-859369f5b79d8859b uvc-2779 accent-title-color color-title\" data-hspacer=\"no_spacer\"  data-halign=\"center\" style=\"text-align:center\"><div class=\"uvc-heading-spacer no_spacer\" style=\"top\"><\/div><div class=\"uvc-main-heading ult-responsive\"  data-ultimate-target='.uvc-heading.ultimate-heading-859369f5b79d8859b h2'  data-responsive-json-new='{\"font-size\":\"desktop:28px;\",\"line-height\":\"desktop:32px;\"}' ><h2 style=\"font-family:&#039;Open Sans&#039;;font-weight:bold;color:#1e73be;margin-bottom:40px;\">CONGRESSO NAZIONALE SIFE 2023<\/h2><\/div><\/div>[\/vc_column][\/vc_row][vc_row equal_height=&#8221;yes&#8221; content_placement=&#8221;middle&#8221; bg_type=&#8221;bg_color&#8221; bg_override=&#8221;ex-full&#8221; type=&#8221;1&#8243; anchor=&#8221;what&#8221; bg_color_value=&#8221;#ffffff&#8221; css=&#8221;.vc_custom_1618395611375{margin-bottom: 50px !important;}&#8221;][vc_column width=&#8221;1\/2&#8243; offset=&#8221;vc_col-lg-6 vc_col-md-6 vc_hidden-sm vc_hidden-xs&#8221; css=&#8221;.vc_custom_1618395704655{padding-bottom: 50px !important;}&#8221;]<style type=\"text\/css\" data-type=\"the7_shortcodes-inline-css\">.shortcode-single-image-wrap.shortcode-single-image-4d7ed09d89db94958e32b6ff3657dc8d.enable-bg-rollover .rollover i,\n.shortcode-single-image-wrap.shortcode-single-image-4d7ed09d89db94958e32b6ff3657dc8d.enable-bg-rollover .rollover-video i {\n  background: -webkit-linear-gradient();\n  background: linear-gradient();\n}\n.shortcode-single-image-wrap.shortcode-single-image-4d7ed09d89db94958e32b6ff3657dc8d .rollover-icon {\n  font-size: 32px;\n  color: #ffffff;\n  min-width: 44px;\n  min-height: 44px;\n  line-height: 44px;\n  border-radius: 100px;\n  border-style: solid;\n  border-width: 0px;\n}\n.dt-icon-bg-on.shortcode-single-image-wrap.shortcode-single-image-4d7ed09d89db94958e32b6ff3657dc8d .rollover-icon {\n  background: rgba(255,255,255,0.3);\n  box-shadow: none;\n}<\/style><div class=\"shortcode-single-image-wrap shortcode-single-image-4d7ed09d89db94958e32b6ff3657dc8d alignnone  enable-bg-rollover dt-icon-bg-off\" style=\"margin-top:0px; margin-bottom:0px; margin-left:0px; margin-right:0px; width:500px;\"><div class=\"shortcode-single-image\"><div class=\"fancy-media-wrap  layzr-bg\" style=\"\"><img fetchpriority=\"high\" decoding=\"async\" class=\"preload-me lazy-load aspect\" src=\"data:image\/svg+xml,%3Csvg%20xmlns%3D&#39;http%3A%2F%2Fwww.w3.org%2F2000%2Fsvg&#39;%20viewBox%3D&#39;0%200%20500%20709&#39;%2F%3E\" data-src=\"https:\/\/www.sifeitalia.org\/wp-content\/uploads\/2023\/03\/Programma-preliminare-SIFE-2023-1-500x709.jpg\" data-srcset=\"https:\/\/www.sifeitalia.org\/wp-content\/uploads\/2023\/03\/Programma-preliminare-SIFE-2023-1-500x709.jpg 500w, https:\/\/www.sifeitalia.org\/wp-content\/uploads\/2023\/03\/Programma-preliminare-SIFE-2023-1-1000x1418.jpg 1000w\" loading=\"eager\" sizes=\"(max-width: 500px) 100vw, 500px\" width=\"500\" height=\"709\"  data-dt-location=\"https:\/\/www.sifeitalia.org\/programma-preliminare-sife-2023-1\/\" style=\"--ratio: 500 \/ 709;\" alt=\"\" \/><\/div><\/div><\/div>[\/vc_column][vc_column offset=&#8221;vc_col-lg-6 vc_col-md-6&#8243; css=&#8221;.vc_custom_1618395710306{padding-bottom: 70px !important;}&#8221;][vc_empty_space height=&#8221;15px&#8221;]<div id=\"ultimate-heading-186469f5b79d88cfa\" class=\"uvc-heading ult-adjust-bottom-margin ultimate-heading-186469f5b79d88cfa uvc-2332 accent-title-color color-title\" data-hspacer=\"no_spacer\"  data-halign=\"left\" style=\"text-align:left\"><div class=\"uvc-heading-spacer no_spacer\" style=\"top\"><\/div><div class=\"uvc-sub-heading ult-responsive\"  data-ultimate-target='.uvc-heading.ultimate-heading-186469f5b79d88cfa .uvc-sub-heading '  data-responsive-json-new='{\"font-size\":\"desktop:18px;\",\"line-height\":\"desktop:30px;\"}'  style=\"font-family:&#039;Open Sans&#039;;font-weight:bold;\">Rigenerazione Ossea con tecniche di fissazione interna ed esterna.<br \/>\nPrevenzione e trattamento delle infezioni ossee in traumatologia<\/div><\/div><div id=\"ultimate-heading-322569f5b79d88d3b\" class=\"uvc-heading ult-adjust-bottom-margin ultimate-heading-322569f5b79d88d3b uvc-7692 accent-title-color color-title\" data-hspacer=\"no_spacer\"  data-halign=\"left\" style=\"text-align:left\"><div class=\"uvc-heading-spacer no_spacer\" style=\"top\"><\/div><div class=\"uvc-main-heading ult-responsive\"  data-ultimate-target='.uvc-heading.ultimate-heading-322569f5b79d88d3b h2'  data-responsive-json-new='{\"font-size\":\"desktop:20px;\",\"line-height\":\"desktop:20px;\"}' ><h2 style=\"font-family:&#039;Open Sans&#039;;font-weight:bold;color:#000000;margin-top:10px;margin-bottom:20px;\">27-28 Ottobre 2023<\/h2><\/div><\/div>[vc_column_text]<\/p>\n<p style=\"text-align: justify;\">MILANO<br \/>\nGrand Hotel Villa Torretta<br \/>\nMilan Sesto<br \/>\nVia Milanese, 3<br \/>\n20099 Sesto San Giovanni (MI)<\/p>\n<p>[\/vc_column_text][vc_empty_space]<style type=\"text\/css\" data-type=\"the7_shortcodes-inline-css\">#default-btn-2f1a52c76978f9161873cbe8f73be2c4.ico-right-side > i {\n  margin-right: 0px;\n  margin-left: 8px;\n}\n#default-btn-2f1a52c76978f9161873cbe8f73be2c4 > i {\n  margin-right: 8px;\n}<\/style><a href=\"https:\/\/www.sifeitalia.org\/wp-content\/uploads\/2023\/10\/Final-programe-SIFE-2023_compressed.pdf\" class=\"default-btn-shortcode dt-btn dt-btn-l bounceIn animate-element animation-builder link-hover-off btn-inline-left \" target=\"_blank\" id=\"default-btn-2f1a52c76978f9161873cbe8f73be2c4\" rel=\"noopener\"><span>Scarica il programma definitivo<\/span><\/a>[vc_column_text css=&#8221;.vc_custom_1677755825461{margin-top: 30px !important;margin-bottom: 20px !important;}&#8221;]<\/p>\n<p style=\"text-align: justify;\">TEMI:<\/p>\n<p style=\"text-align: justify;\">Fissatori esapodalici \u2022 Allungamenti e difetti ossei con chiodi endomidollari \u2022 Trattamento definitivo con fissatore esterno nel trauma acuto \u2022 Ortoplastica \u2022 Deformit\u00e0 del piede e piede Charcot \u2022 Trattamento dell\u2019acondroplasia \u2022 Peggior caso della mia carriera \u2022 Prevenzione e trattamento delle perdite di sostanza e dell\u2019infezione ossea \u2022 Trattamento biologico e non biologico dei difetti ossei<\/p>\n<p>[\/vc_column_text][vc_empty_space]<style type=\"text\/css\" data-type=\"the7_shortcodes-inline-css\">#default-btn-cd9f3b729c7894d4fb47848f287aeb2a.ico-right-side > i {\n  margin-right: 0px;\n  margin-left: 8px;\n}\n#default-btn-cd9f3b729c7894d4fb47848f287aeb2a > i {\n  margin-right: 8px;\n}<\/style><a href=\"https:\/\/www.sifeitalia.org\/index.php\/presentazioni-congresso-nazionale-2023\/\" class=\"default-btn-shortcode dt-btn dt-btn-l bounceIn animate-element animation-builder link-hover-off btn-inline-left \" target=\"_blank\" id=\"default-btn-cd9f3b729c7894d4fb47848f287aeb2a\" rel=\"noopener\"><span>Presentazioni 27-28 ottobre<\/span><\/a>[\/vc_column][\/vc_row][vc_row css=&#8221;.vc_custom_1677757619613{margin-bottom: 30px !important;}&#8221;][vc_column width=&#8221;1\/2&#8243;][vc_column_text css=&#8221;.vc_custom_1697462875643{margin-top: 30px !important;margin-bottom: 20px !important;}&#8221;]Sono previste nove sessioni; le prime due, che si svolgeranno il venerd\u00ec mattina, riguarderanno l\u2019utilizzo dei fissatori esapodalici e chiodi endomidollari, mentre la terza, che avr\u00e0 luogo il venerd\u00ec pomeriggio, verter\u00e0 sul trattamento definitivo con fissatore esterno nel trauma acuto.<\/p>\n<p>La quarta e quinta sessione, programmate tra il venerd\u00ec pomeriggio e il sabato mattina, metteranno a confronto i maggiori esperti sull\u2019utilizzo della chirurgia plastica in traumatologia e ortopedia e sull\u2019utilizzo del fissatore classico ed esapodalico per la cura delle deformit\u00e0 del piede nel bambino, nell\u2019adulto e nel trattamento del piede diabetico di Charcot.<\/p>\n<p>Sono inoltre previste due sessioni dedicate alle comunicazioni libere sulla fissazione esterna, per dare l\u2019opportunit\u00e0 ai nostri colleghi pi\u00f9 giovani di presentare i loro contributi e le loro esperienze.<\/p>\n<p>[\/vc_column_text][\/vc_column][vc_column width=&#8221;1\/2&#8243;][vc_column_text css=&#8221;.vc_custom_1697462942419{margin-top: 30px !important;margin-bottom: 20px !important;}&#8221;]Sabato mattina si svolgeranno le sessioni dedicate ai protocolli del trattamento dei pazienti acondroplasici con i fissatori esterni e una sezione dar\u00e0 spazio alla discussione sui casi peggiori della carriera degli esperti, per dimostrare errori e complicanze da evitare in futuro e per insegnare ai giovani la tecnica corretta.<\/p>\n<p>Le ultime due sessioni del Congresso saranno dedicate ad un argomento molto importante e difficile: la prevenzione e il trattamento delle perdite di sostanza, dei difetti ossei e dell\u2019infezione ossea.<\/p>\n<p>Il programma scientifico sar\u00e0 intervallato da simposi tecnici organizzati appositamente nell\u2019aula principale per permettere la partecipazione a tutti i Congressisti.<\/p>\n<p>Confidando in una ampia e curiosa partecipazione,<\/p>\n<p>Arrivederci a Milano<\/p>\n<p><em>A. Kirienk<\/em>[\/vc_column_text][\/vc_column][\/vc_row][vc_row equal_height=&#8221;yes&#8221; content_placement=&#8221;middle&#8221; bg_type=&#8221;grad&#8221; bg_override=&#8221;ex-full&#8221; padding_top=&#8221;50&#8243; padding_bottom=&#8221;55&#8243; bg_position=&#8221;center&#8221; type=&#8221;3&#8243; bg_image=&#8221;https:\/\/the7.io\/app\/wp-content\/uploads\/sites\/11\/2016\/02\/bg-013.jpg&#8221; css=&#8221;.vc_custom_1618933361364{padding-top: 50px !important;padding-bottom: 50px !important;}&#8221; bg_grad=&#8221;background: -webkit-gradient(linear, left top, left bottom, color-stop(0%, #008DCF), color-stop(100%, #008DCF));background: -moz-linear-gradient(left,#008DCF 0%,#008DCF 100%);background: -webkit-linear-gradient(left,#008DCF 0%,#008DCF 100%);background: -o-linear-gradient(left,#008DCF 0%,#008DCF 100%);background: -ms-linear-gradient(left,#008DCF 0%,#008DCF 100%);background: linear-gradient(left,#008DCF 0%,#008DCF 100%);&#8221;][vc_column width=&#8221;1\/2&#8243; offset=&#8221;vc_col-lg-6 vc_col-md-6 vc_col-xs-12&#8243;][vc_row_inner][vc_column_inner css=&#8221;.vc_custom_1610633006590{margin-bottom: 30px !important;}&#8221;]<div id=\"ultimate-heading-318669f5b79d88e5d\" class=\"uvc-heading ult-adjust-bottom-margin ultimate-heading-318669f5b79d88e5d uvc-7209 \" data-hspacer=\"no_spacer\"  data-halign=\"center\" style=\"text-align:center\"><div class=\"uvc-heading-spacer no_spacer\" style=\"top\"><\/div><div class=\"uvc-main-heading ult-responsive\"  data-ultimate-target='.uvc-heading.ultimate-heading-318669f5b79d88e5d h2'  data-responsive-json-new='{\"font-size\":\"desktop:22px;\",\"line-height\":\"desktop:32px;\"}' ><h2 style=\"font-family:&#039;Open Sans&#039;;font-weight:normal;font-style:normal;color:rgba(255,255,255,0.5);margin-bottom:10px;\">Presidente del Congresso<\/h2><\/div><div class=\"uvc-sub-heading ult-responsive\"  data-ultimate-target='.uvc-heading.ultimate-heading-318669f5b79d88e5d .uvc-sub-heading '  data-responsive-json-new='{\"font-size\":\"desktop:24px;\",\"line-height\":\"desktop:28px;\"}'  style=\"font-family:&#039;Open Sans&#039;;font-weight:300;color:#ffffff;\">Alexander Kirienko<br \/>\nIstituto Clinico Humanitas &#8211; Rozzano (MI)<\/div><\/div>[\/vc_column_inner][\/vc_row_inner][\/vc_column][vc_column width=&#8221;1\/2&#8243;][vc_row_inner][vc_column_inner css=&#8221;.vc_custom_1610633006590{margin-bottom: 30px !important;}&#8221;]<div id=\"ultimate-heading-512969f5b79d88ead\" class=\"uvc-heading ult-adjust-bottom-margin ultimate-heading-512969f5b79d88ead uvc-6646 \" data-hspacer=\"no_spacer\"  data-halign=\"center\" style=\"text-align:center\"><div class=\"uvc-heading-spacer no_spacer\" style=\"top\"><\/div><div class=\"uvc-main-heading ult-responsive\"  data-ultimate-target='.uvc-heading.ultimate-heading-512969f5b79d88ead h2'  data-responsive-json-new='{\"font-size\":\"desktop:22px;\",\"line-height\":\"desktop:32px;\"}' ><h2 style=\"font-family:&#039;Open Sans&#039;;font-weight:normal;font-style:normal;color:rgba(255,255,255,0.5);margin-bottom:10px;\">Segreteria Scientifica<\/h2><\/div><div class=\"uvc-sub-heading ult-responsive\"  data-ultimate-target='.uvc-heading.ultimate-heading-512969f5b79d88ead .uvc-sub-heading '  data-responsive-json-new='{\"font-size\":\"desktop:24px;\",\"line-height\":\"desktop:28px;\"}'  style=\"font-family:&#039;Open Sans&#039;;font-weight:300;color:#ffffff;\">Giovanni Lovisetti<br \/>\nPresidio Ospedaliero Menaggio (CO)<\/p>\n<p>Emiliano Malagoli<br \/>\nIstituto Clinico Humanitas &#8211; Rozzano (MI)<\/div><\/div>[\/vc_column_inner][\/vc_row_inner][\/vc_column][\/vc_row][vc_row][vc_column]<div id=\"ultimate-heading-333069f5b79d88ef5\" class=\"uvc-heading ult-adjust-bottom-margin ultimate-heading-333069f5b79d88ef5 uvc-6476 accent-title-color color-title\" data-hspacer=\"no_spacer\"  data-halign=\"center\" style=\"text-align:center\"><div class=\"uvc-heading-spacer no_spacer\" style=\"top\"><\/div><div class=\"uvc-main-heading ult-responsive\"  data-ultimate-target='.uvc-heading.ultimate-heading-333069f5b79d88ef5 h2'  data-responsive-json-new='{\"font-size\":\"desktop:24px;\",\"line-height\":\"desktop:32px;\"}' ><h2 style=\"font-family:&#039;Open Sans&#039;;font-weight:bold;margin-top:30px;margin-bottom:40px;\">Faculty<\/h2><\/div><\/div>[vc_row_inner][vc_column_inner width=&#8221;1\/2&#8243;]<div id=\"ultimate-heading-502169f5b79d88f30\" class=\"uvc-heading ult-adjust-bottom-margin ultimate-heading-502169f5b79d88f30 uvc-4922 accent-title-color color-title\" data-hspacer=\"no_spacer\"  data-halign=\"center\" style=\"text-align:center\"><div class=\"uvc-heading-spacer no_spacer\" style=\"top\"><\/div><div class=\"uvc-sub-heading ult-responsive\"  data-ultimate-target='.uvc-heading.ultimate-heading-502169f5b79d88f30 .uvc-sub-heading '  data-responsive-json-new='{\"font-size\":\"desktop:16px;\",\"line-height\":\"desktop:24px;\"}'  style=\"font-family:&#039;Open Sans&#039;;font-weight:normal;font-style:normal;margin-bottom:35px;\">Tomasz Albrewczynski, Polonia<br \/>\nWaleed Alsaadan, Baghdad<br \/>\nDomenico Aloj, Vercelli<br \/>\nAndrea Antonini, Savona<br \/>\nLidija Antunovic, Milano<br \/>\nTiziana Ascione Napoli<br \/>\nBruno Battiston, Torino<br \/>\nMarco Berlusconi, Milano<br \/>\nRoberto Bevoni, Bologna<br \/>\nDavide Blonna, Torino<br \/>\nJose Carlos Bongiovanni, Brasile<br \/>\nAndrea Bruno, Milano<br \/>\nVincenzo Caiaffa, Bari<br \/>\nLaura Campanacci, Bologna<br \/>\nValentina Camurri , Genova<br \/>\nPaolo Capitani, Milano<br \/>\nAlessandro Castagna, Rozzano (MI)<br \/>\nMaurizio Catagni, Lecco<br \/>\nFranco Cavina Pratesi, Brescia<br \/>\nStefano Cecconi, Senigallia<br \/>\nMario Cherubino, Varese<br \/>\nGiovanni Colleluori, Rimini<br \/>\nMarco Domenicucci, Milano<br \/>\nYasser Elbatrawy, Egypt<br \/>\nFabrizio Fascione, Teramo<br \/>\nAlexander Kirienko, Rozzano (MI)<br \/>\nMarco Klinger, Rozzano (MI)<br \/>\nFernando Garnica, Milano<br \/>\nFrancesco Guerreschi, Lecco<br \/>\nGiulio Leone, Monza<br \/>\nMaria Gabriella Lettera, Milano<\/div><\/div>[\/vc_column_inner][vc_column_inner width=&#8221;1\/2&#8243;]<div id=\"ultimate-heading-831969f5b79d88f60\" class=\"uvc-heading ult-adjust-bottom-margin ultimate-heading-831969f5b79d88f60 uvc-2978 accent-title-color color-title\" data-hspacer=\"no_spacer\"  data-halign=\"center\" style=\"text-align:center\"><div class=\"uvc-heading-spacer no_spacer\" style=\"top\"><\/div><div class=\"uvc-sub-heading ult-responsive\"  data-ultimate-target='.uvc-heading.ultimate-heading-831969f5b79d88f60 .uvc-sub-heading '  data-responsive-json-new='{\"font-size\":\"desktop:16px;\",\"line-height\":\"desktop:24px;\"}'  style=\"font-family:&#039;Open Sans&#039;;font-weight:normal;font-style:normal;margin-bottom:35px;\">Giovanni Lovisetti, Menaggio (CO)<br \/>\nLuigi Lovisetti, Como<br \/>\nGiovanni Lucchesi, Messina<br \/>\nMarina Magnani, Bologna<br \/>\nEmiliano Malagoli, Milano<br \/>\nTommaso Maluta, Verona<br \/>\nLuca Marciandi, Varese<br \/>\nMarcello Maria Marini, Roma<br \/>\nMarco Massobrio, Roma<br \/>\nAntonio Memeo, Milano<br \/>\nRedento Mora, Pavia<br \/>\nNicola Orabona, Napoli<br \/>\nDror Paley, Florida<br \/>\nGiuseppe Peretti, Milano<br \/>\nFabio Massimo Pezzoli, Roma<br \/>\nDaniele Pili, Lecco<br \/>\nPietro Randelli, Milano<br \/>\nLaura Ravera, Vercelli<br \/>\nSimone Riganti, Genova<br \/>\nGiacomo Riva, Varese<br \/>\nBruno Russo, Napoli<br \/>\nFrancesco Sala, Milano<br \/>\nCarlo Salomone, Albenga (SV)<br \/>\nAnna Scevola, Como<br \/>\nMarco Sessa, Milano<br \/>\nDaniele Sini, Alessandria<br \/>\nFabrizio Tacci, Parma<br \/>\nTazio Talamonti, Milano<br \/>\nLuca Vaienti, Milano<br \/>\nFilippo Vandenbulcke, Rozzano (MI)<br \/>\nFabio Verdoni, Milano<br \/>\nAlexandra Veronesi, Rozzano (MI)<\/div><\/div>[\/vc_column_inner][\/vc_row_inner][\/vc_column][\/vc_row][vc_row full_width=&#8221;stretch_row&#8221; css=&#8221;.vc_custom_1638191396556{padding-top: 70px !important;padding-bottom: 70px !important;}&#8221;][vc_column width=&#8221;1\/2&#8243;]<div class=\"smile_icon_list_wrap ult_info_list_container ult-adjust-bottom-margin  \"><ul class=\"smile_icon_list left circle with_bg\"><li class=\"icon_list_item\" style=\" font-size:72px;\"><div class=\"icon_list_icon\" data-animation=\"fadeIn\" data-animation-delay=\"03\" style=\"font-size:24px;border-width:1px;border-style:none;background:#ffffff;color:#329bd2;border-color:#333333;\"><i class=\"Defaults-check-square-o\" ><\/i><\/div><div class=\"icon_description\" id=\"Info-list-wrap-2160\" style=\"font-size:24px;\"><h3 class=\"ult-responsive info-list-heading\"  data-ultimate-target='#Info-list-wrap-2160 h3'  data-responsive-json-new='{\"font-size\":\"desktop:18px;\",\"line-height\":\"desktop:35px;\"}'  style=\"font-family:&#039;Open Sans&#039;;font-weight:600;color:#45474b;\">Iscrizioni<\/h3><div class=\"icon_description_text ult-responsive\"  data-ultimate-target='#Info-list-wrap-2160 .icon_description_text'  data-responsive-json-new='{\"font-size\":\"desktop:18px;\",\"line-height\":\"desktop:22px;\"}'  style=\"color:#8f9194;\"><p>Saranno accettati i primi 200 iscritti.<br \/>\nLe iscrizioni verranno accettate automaticamente in ordine di arrivo, sino ad esaurimento dei posti disponibili.<br \/>\nNON SONO PREVISTI UDITORI<\/p>\n<p><strong>Sar\u00e0 possibile iscriversi fino a Venerd\u00ec 20 ottobre 2023.<\/strong><\/p>\n<p>L\u2019iscrizione al Congresso comprende:<br \/>\n\u2022 Partecipazione ai lavori scientifici<br \/>\n\u2022 Attestato di partecipazione<br \/>\n\u2022 Kit Congressuale<br \/>\n\u2022 Lunch e Coffee Break<\/p>\n<p>L\u2019evento non \u00e8 accreditato ECM.<\/p>\n<\/div><\/div><div class=\"icon_list_connector\"  style=\"border-right-width: 1px;border-right-style: dashed;border-color: rgba(50,155,210,0.5);\"><\/div><\/li><\/ul><\/div><style type=\"text\/css\" data-type=\"the7_shortcodes-inline-css\">#default-btn-af16009a7afac1b67162d6dbc23ba42d.ico-right-side > i {\n  margin-right: 0px;\n  margin-left: 8px;\n}\n#default-btn-af16009a7afac1b67162d6dbc23ba42d > i {\n  margin-right: 8px;\n}<\/style><div class=\"btn-align-center\"><a href=\"https:\/\/ems.mzevents.it\/start\/2068\/ita\" class=\"default-btn-shortcode dt-btn dt-btn-l link-hover-off  vc_custom_1695280330040\" target=\"_blank\" id=\"default-btn-af16009a7afac1b67162d6dbc23ba42d\" rel=\"noopener\"><span>ISCRIVITI<\/span><\/a><\/div>[\/vc_column][vc_column width=&#8221;1\/2&#8243;]<div class=\"smile_icon_list_wrap ult_info_list_container ult-adjust-bottom-margin  \"><ul class=\"smile_icon_list left circle with_bg\"><li class=\"icon_list_item\" style=\" font-size:72px;\"><div class=\"icon_list_icon\" data-animation=\"fadeIn\" data-animation-delay=\"03\" style=\"font-size:24px;border-width:1px;border-style:none;background:#ffffff;color:#329bd2;border-color:#333333;\"><i class=\"icomoon-feather-24x24-bar-graph-2\" ><\/i><\/div><div class=\"icon_description\" id=\"Info-list-wrap-3128\" style=\"font-size:24px;\"><h3 class=\"ult-responsive info-list-heading\"  data-ultimate-target='#Info-list-wrap-3128 h3'  data-responsive-json-new='{\"font-size\":\"desktop:18px;\",\"line-height\":\"desktop:35px;\"}'  style=\"font-family:&#039;Open Sans&#039;;font-weight:600;color:#45474b;\">Quote<\/h3><div class=\"icon_description_text ult-responsive\"  data-ultimate-target='#Info-list-wrap-3128 .icon_description_text'  data-responsive-json-new='{\"font-size\":\"desktop:16px;\",\"line-height\":\"desktop:22px;\"}'  style=\"color:#8f9194;\"><table style=\"height: 238px;\" width=\"659\">\n<tbody>\n<tr>\n<td width=\"321\">Socio SIFE*<\/td>\n<td width=\"321\">GRATUITO<\/td>\n<\/tr>\n<tr>\n<td width=\"321\">Specializzando UNIMI<\/td>\n<td width=\"321\">GRATUITO<\/td>\n<\/tr>\n<tr>\n<td width=\"321\">Medico<\/td>\n<td width=\"321\">\u20ac 180,00<br \/>\n(\u20ac 147,54 + IVA)<\/td>\n<\/tr>\n<tr>\n<td width=\"321\">Fisioterapista, Infermiere,<br \/>\nTecnico Ortopedico, Specializzando<\/td>\n<td width=\"321\">\u20ac 100,00<br \/>\n(\u20ac 81,96 + IVA)<\/td>\n<\/tr>\n<tr>\n<td width=\"321\">Specializzando Socio AISOT*<\/td>\n<td width=\"321\">\u20ac 61,00<br \/>\n(\u20ac 50,00 + IVA)<\/td>\n<\/tr>\n<\/tbody>\n<\/table>\n<p>* in regola con la quota associativa 2023<\/p>\n<\/div><\/div><div class=\"icon_list_connector\"  style=\"border-right-width: 1px;border-right-style: dashed;border-color: rgba(50,155,210,0.5);\"><\/div><\/li><\/ul><\/div>[\/vc_column][\/vc_row][vc_row][vc_column]<div id=\"ultimate-heading-682469f5b79d891ac\" class=\"uvc-heading ult-adjust-bottom-margin ultimate-heading-682469f5b79d891ac uvc-2823 accent-title-color color-title\" data-hspacer=\"no_spacer\"  data-halign=\"center\" style=\"text-align:center\"><div class=\"uvc-heading-spacer no_spacer\" style=\"top\"><\/div><div class=\"uvc-main-heading ult-responsive\"  data-ultimate-target='.uvc-heading.ultimate-heading-682469f5b79d891ac h2'  data-responsive-json-new='{\"font-size\":\"desktop:24px;\",\"line-height\":\"desktop:32px;\"}' ><h2 style=\"font-family:&#039;Open Sans&#039;;font-weight:bold;margin-top:30px;margin-bottom:40px;\">Comunicazioni orali<\/h2><\/div><\/div>[vc_column_text]<\/p>\n<p style=\"text-align: center;\">Le 3 migliori Comunicazioni Libere del Congresso saranno premiate con i libri di D. Paley, M. Catagni e A. Kirienko con la firma degli Autori<\/p>\n<p>[\/vc_column_text]<style type=\"text\/css\" data-type=\"the7_shortcodes-inline-css\">#default-btn-f8ee3d19aba887f031868618ba88573c.ico-right-side > i {\n  margin-right: 0px;\n  margin-left: 8px;\n}\n#default-btn-f8ee3d19aba887f031868618ba88573c > i {\n  margin-right: 8px;\n}<\/style><div class=\"btn-align-center\"><a href=\"#\" class=\"default-btn-shortcode dt-btn dt-btn-l link-hover-off  vc_custom_1695280285920\" id=\"default-btn-f8ee3d19aba887f031868618ba88573c\"><span>Sistema di sottomissione Abstract chiuso<\/span><\/a><\/div>[\/vc_column][\/vc_row][vc_row full_width=&#8221;stretch_row&#8221; disable_element=&#8221;yes&#8221; css=&#8221;.vc_custom_1695280185116{padding-top: 70px !important;padding-bottom: 70px !important;}&#8221;][vc_column]<div class=\"smile_icon_list_wrap ult_info_list_container ult-adjust-bottom-margin  \"><ul class=\"smile_icon_list left circle with_bg\"><li class=\"icon_list_item\" style=\" font-size:72px;\"><div class=\"icon_list_icon\" data-animation=\"fadeIn\" data-animation-delay=\"03\" style=\"font-size:24px;border-width:1px;border-style:none;background:#ffffff;color:#329bd2;border-color:#333333;\"><i class=\"Defaults-check-square-o\" ><\/i><\/div><div class=\"icon_description\" id=\"Info-list-wrap-3029\" style=\"font-size:24px;\"><div class=\"icon_description_text ult-responsive\"  data-ultimate-target='#Info-list-wrap-3029 .icon_description_text'  data-responsive-json-new='{\"font-size\":\"desktop:18px;\",\"line-height\":\"desktop:22px;\"}'  style=\"color:#8f9194;\"><p>Gli abstracts, in italiano ed inglese, possono essere inviati tramite la pagina dedicata sul sito <a href=\"https:\/\/www.sifeitalia.org\">www.sifeitalia.org<\/a>.<br \/>\nGli abstracts pervenuti saranno sottoposti alla valutazione del Comitato Scientifico che ne decider\u00e0 l\u2019accettazione.<br \/>\nDeadline per il ricevimento: 20 settembre 2023<\/p>\n<p>ISTRUZIONI PER L\u2019INVIO<br \/>\n\u00c8 opportuno leggere interamente il presente documento prima di procedere.<br \/>\nQuesto servizio vi consente di inviare on-line il vostro abstract.<br \/>\nGli abstract dovranno essere redatti come segue:<br \/>\n\u2022 Lingua: Italiano<br \/>\n\u2022 Numero massimo di caratteri, spazi inclusi: 3200 \u2013 compresi titolo, autori ed affiliazioni.<br \/>\nSono consentite le abbreviazioni standard comunemente in uso in medicina, gli altri acronimi vanno scritti per esteso alla prima apparizione nel testo.<br \/>\nNon sono accettate figure, tabelle e bibliografia.<br \/>\nIn fase di sottomissione dell\u2019Abstract viene richiesto l\u2019inserimento dell\u2019anno di nascita e la categoria professionale del primo autore.<br \/>\nIn caso di problemi inerenti all\u2019invio, si prega di contattare la Segreteria Organizzativa<br \/>\nMZ Events tel. 02\/66802323, e-mail: <a href=\"mailto:marta.tollis@mzevents.it\">marta.tollis@mzevents.it<\/a><\/p>\n<\/div><\/div><div class=\"icon_list_connector\"  style=\"border-right-width: 1px;border-right-style: dashed;border-color: rgba(50,155,210,0.5);\"><\/div><\/li><\/ul><\/div><div class=\"smile_icon_list_wrap ult_info_list_container ult-adjust-bottom-margin  \"><ul class=\"smile_icon_list left circle with_bg\"><li class=\"icon_list_item\" style=\" font-size:72px;\"><div class=\"icon_list_icon\" data-animation=\"fadeIn\" data-animation-delay=\"03\" style=\"font-size:24px;border-width:1px;border-style:none;background:#ffffff;color:#329bd2;border-color:#333333;\"><i class=\"far fa-hand-point-right\" ><\/i><\/div><div class=\"icon_description\" id=\"Info-list-wrap-2682\" style=\"font-size:24px;\"><h3 class=\"ult-responsive info-list-heading\"  data-ultimate-target='#Info-list-wrap-2682 h3'  data-responsive-json-new='{\"font-size\":\"desktop:18px;\",\"line-height\":\"desktop:35px;\"}'  style=\"font-family:&#039;Open Sans&#039;;font-weight:600;color:#45474b;\">1\u00b0 PASSAGGIO<\/h3><div class=\"icon_description_text ult-responsive\"  data-ultimate-target='#Info-list-wrap-2682 .icon_description_text'  data-responsive-json-new='{\"font-size\":\"desktop:16px;\",\"line-height\":\"desktop:22px;\"}'  style=\"color:#8f9194;\"><p>Vi preghiamo di controllare con attenzione la correttezza del vostro indirizzo di posta elettronica!<br \/>\n\u00c8 necessario compilare la scheda dei dati personali DEL PRESENTATORE.<br \/>\nLa compilazione dei campi \u00e8 condizione necessaria per poter proseguire.<br \/>\nSuccessivamente occorre specificare il titolo del vostro abstract. Il titolo deve essere breve ed esprimere chiaramente la tipologia dello studio.<br \/>\nSar\u00e0 poi possibile indicare gli autori dell\u2019abstract seguendo le modalit\u00e0 di seguito specificate:<br \/>\n\u2022 Autori, scritti nel modo seguente:<br \/>\n&#8211; Cognome<br \/>\n&#8211; Nome<br \/>\n\u2022 Affiliazioni in italiano scritte in carattere maiuscolo\/minuscolo complete di:<br \/>\n&#8211; Unit\u00e0 Operativa<br \/>\n&#8211; Ospedale \/ Universit\u00e0<br \/>\n&#8211; Citt\u00e0<br \/>\nNel caso in cui pi\u00f9 autori avessero la stessa affiliazione, \u00e8 necessario riportare la stessa identica dicitura nell\u2019apposito campo.<\/p>\n<p>Segnaliamo che i nomi degli autori verranno puntati automaticamente (esempio Mario sar\u00e0 M.) mentre i cognomi saranno per esteso, \u00e8 quindi consigliabile non inserire nomi di enti o gruppi di studio nell\u2019elenco autori. Ogni primo autore potr\u00e0 inviare un massimo di 3 abstract.<br \/>\nIl corpo dell\u2019abstract dovr\u00e0 essere articolato nei seguenti 4 punti:<br \/>\n\u2022 Introduzione-Scopo<br \/>\nDescrivere in breve i presupposti e gli scopi della ricerca<br \/>\n\u2022 Materiali e Metodi<br \/>\nDescrivere la casistica e la metodica di trattamento utilizzata<br \/>\n\u2022 Risultati<br \/>\nSintetica e significativa presentazione dei risultati ottenuti<br \/>\n\u2022 Conclusioni<br \/>\nSintetizzare i risultati ottenuti nell\u2019ottica dello scopo prefisso<\/p>\n<p>Vi invitiamo a digitare il testo dell\u2019abstract direttamente negli appositi spazi, per garantire che la formattazione originale del testo non subisca modifiche.<\/p>\n<\/div><\/div><div class=\"icon_list_connector\"  style=\"border-right-width: 1px;border-right-style: dashed;border-color: rgba(50,155,210,0.5);\"><\/div><\/li><li class=\"icon_list_item\" style=\" font-size:72px;\"><div class=\"icon_list_icon\" data-animation=\"fadeIn\" data-animation-delay=\"03\" style=\"font-size:24px;border-width:1px;border-style:none;background:#ffffff;color:#329bd2;border-color:#333333;\"><i class=\"far fa-hand-point-right\" ><\/i><\/div><div class=\"icon_description\" id=\"Info-list-wrap-8727\" style=\"font-size:24px;\"><h3 class=\"ult-responsive info-list-heading\"  data-ultimate-target='#Info-list-wrap-8727 h3'  data-responsive-json-new='{\"font-size\":\"desktop:18px;\",\"line-height\":\"desktop:35px;\"}'  style=\"font-family:&#039;Open Sans&#039;;font-weight:600;color:#45474b;\">2\u00b0 PASSAGGIO<\/h3><div class=\"icon_description_text ult-responsive\"  data-ultimate-target='#Info-list-wrap-8727 .icon_description_text'  data-responsive-json-new='{\"font-size\":\"desktop:16px;\",\"line-height\":\"desktop:22px;\"}'  style=\"color:#8f9194;\"><p>Una volta completata l\u2019operazione, verr\u00e0 inviata la conferma di ricezione all\u2019indirizzo specificato.<br \/>\nLa Segreteria Organizzativa invier\u00e0 agli autori la lettera di avvenuta accettazione\/rifiuto.<br \/>\nll presentatore di ogni comunicazione orale dovr\u00e0 obbligatoriamente iscriversi al Congresso e alla societ\u00e0 SIFE entro il 22 settembre 2023.<\/p>\n<\/div><\/div><div class=\"icon_list_connector\"  style=\"border-right-width: 1px;border-right-style: dashed;border-color: rgba(50,155,210,0.5);\"><\/div><\/li><\/ul><\/div><div class=\"smile_icon_list_wrap ult_info_list_container ult-adjust-bottom-margin  \"><ul class=\"smile_icon_list left circle with_bg\"><li class=\"icon_list_item\" style=\" font-size:72px;\"><div class=\"icon_list_icon\" data-animation=\"fadeIn\" data-animation-delay=\"03\" style=\"font-size:24px;border-width:1px;border-style:none;background:#ffffff;color:#329bd2;border-color:#333333;\"><i class=\"Defaults-clipboard paste\" ><\/i><\/div><div class=\"icon_description\" id=\"Info-list-wrap-7221\" style=\"font-size:24px;\"><h3 class=\"ult-responsive info-list-heading\"  data-ultimate-target='#Info-list-wrap-7221 h3'  data-responsive-json-new='{\"font-size\":\"desktop:18px;\",\"line-height\":\"desktop:35px;\"}'  style=\"font-family:&#039;Open Sans&#039;;font-weight:600;color:#45474b;\">Modalit\u00e0 di presentazione in sede congressuale<\/h3><div class=\"icon_description_text ult-responsive\"  data-ultimate-target='#Info-list-wrap-7221 .icon_description_text'  data-responsive-json-new='{\"font-size\":\"desktop:16px;\",\"line-height\":\"desktop:22px;\"}'  style=\"color:#8f9194;\"><p>Sono previste nel programma 3 sessioni di comunicazioni libere. Il tempo a disposizione per l\u2019esposizione del lavoro \u00e8 di 6 minuti pi\u00f9 2 di discussione.<br \/>\nMaggiori dettagli saranno forniti ai presentatori nella lettera di avvenuta accettazione.<\/p>\n<\/div><\/div><div class=\"icon_list_connector\"  style=\"border-right-width: 1px;border-right-style: dashed;border-color: rgba(50,155,210,0.5);\"><\/div><\/li><\/ul><\/div><div class=\"smile_icon_list_wrap ult_info_list_container ult-adjust-bottom-margin  \"><ul class=\"smile_icon_list left circle with_bg\"><li class=\"icon_list_item\" style=\" font-size:72px;\"><div class=\"icon_list_icon\" data-animation=\"fadeIn\" data-animation-delay=\"03\" style=\"font-size:24px;border-width:1px;border-style:none;background:#ffffff;color:#329bd2;border-color:#333333;\"><i class=\"icomoon-font-awesome-14x14-book\" ><\/i><\/div><div class=\"icon_description\" id=\"Info-list-wrap-8078\" style=\"font-size:24px;\"><h3 class=\"ult-responsive info-list-heading\"  data-ultimate-target='#Info-list-wrap-8078 h3'  data-responsive-json-new='{\"font-size\":\"desktop:18px;\",\"line-height\":\"desktop:35px;\"}'  style=\"font-family:&#039;Open Sans&#039;;font-weight:600;color:#45474b;\">Concorso comunicazioni libere<\/h3><div class=\"icon_description_text ult-responsive\"  data-ultimate-target='#Info-list-wrap-8078 .icon_description_text'  data-responsive-json-new='{\"font-size\":\"desktop:16px;\",\"line-height\":\"desktop:22px;\"}'  style=\"color:#8f9194;\"><p>Le 3 migliori Comunicazioni Libere del Congresso saranno premiate con i libri di D. Paley, M. Catagni e A. Kirienko con la firma degli Autori.<\/p>\n<\/div><\/div><div class=\"icon_list_connector\"  style=\"border-right-width: 1px;border-right-style: dashed;border-color: rgba(50,155,210,0.5);\"><\/div><\/li><\/ul><\/div>[\/vc_column][\/vc_row][vc_row full_width=&#8221;stretch_row&#8221; bg_type=&#8221;bg_color&#8221; bg_override=&#8221;full&#8221; css=&#8221;.vc_custom_1638186863072{padding-top: 70px !important;padding-bottom: 70px !important;}&#8221; bg_color_value=&#8221;#008dcf&#8221;][vc_column]<div class=\"smile_icon_list_wrap ult_info_list_container ult-adjust-bottom-margin  \"><ul class=\"smile_icon_list left circle with_bg\"><li class=\"icon_list_item\" style=\" font-size:72px;\"><div class=\"icon_list_icon\" data-animation=\"fadeIn\" data-animation-delay=\"03\" style=\"font-size:24px;border-width:1px;border-style:none;background:#ffffff;color:#329bd2;border-color:#333333;\"><i class=\"Defaults-tty\" ><\/i><\/div><div class=\"icon_description\" id=\"Info-list-wrap-7388\" style=\"font-size:24px;\"><h3 class=\"ult-responsive info-list-heading\"  data-ultimate-target='#Info-list-wrap-7388 h3'  data-responsive-json-new='{\"font-size\":\"desktop:18px;\",\"line-height\":\"desktop:35px;\"}'  style=\"font-family:&#039;Open Sans&#039;;font-weight:600;color:#ffffff;\">SEGRETERIA ORGANIZZATIVA<\/h3><div class=\"icon_description_text ult-responsive\"  data-ultimate-target='#Info-list-wrap-7388 .icon_description_text'  data-responsive-json-new='{\"font-size\":\"desktop:16px;\",\"line-height\":\"desktop:22px;\"}'  style=\"color:#8f9194;\"><p><img loading=\"lazy\" decoding=\"async\" class=\"alignnone wp-image-2632\" src=\"https:\/\/www.sifeitalia.org\/wp-content\/uploads\/2023\/03\/MZ-Events_tutto_bianco-300x172.png\" alt=\"\" width=\"157\" height=\"90\" srcset=\"https:\/\/www.sifeitalia.org\/wp-content\/uploads\/2023\/03\/MZ-Events_tutto_bianco-300x172.png 300w, https:\/\/www.sifeitalia.org\/wp-content\/uploads\/2023\/03\/MZ-Events_tutto_bianco.png 660w\" sizes=\"auto, (max-width: 157px) 100vw, 157px\" \/><br \/>\n<span style=\"color: white;\">Via Carlo Farini 81 &#8211; 20159 Milano<br \/>\nTel 02 66802323<br \/>\n<span style=\"color: white;\">Anna Grossi: <a href=\"mailto:anna.grossi@MZevents.it\">anna.grossi@MZevents.it<\/a><br \/>\n<span style=\"color: white;\">Marta Tollis:\u00a0 <a href=\"mailto:marta.tollis@MZevents.it\">marta.tollis@MZevents.it<\/a><br \/>\n<span style=\"color: white;\">Federica Sossella: <\/span><span style=\"color: white;\"><a href=\"mailto:federica.sossella@MZevents.it\">federica.sossella@MZevents.it<\/a><\/span><\/span><\/span><\/span><\/p>\n<\/div><\/div><div class=\"icon_list_connector\"  style=\"border-right-width: 1px;border-right-style: dashed;border-color: rgba(50,155,210,0.5);\"><\/div><\/li><\/ul><\/div>[\/vc_column][\/vc_row][vc_row css=&#8221;.vc_custom_1641914323283{margin-top: 30px !important;}&#8221;][vc_column width=&#8221;1\/3&#8243;]<div id=\"ultimate-heading-561969f5b79d895e8\" class=\"uvc-heading ult-adjust-bottom-margin ultimate-heading-561969f5b79d895e8 uvc-1556 accent-title-color color-title\" data-hspacer=\"no_spacer\"  data-halign=\"center\" style=\"text-align:center\"><div class=\"uvc-heading-spacer no_spacer\" style=\"top\"><\/div><div class=\"uvc-main-heading ult-responsive\"  data-ultimate-target='.uvc-heading.ultimate-heading-561969f5b79d895e8 h2'  data-responsive-json-new='{\"font-size\":\"desktop:22px;\",\"line-height\":\"desktop:32px;\"}' ><h2 style=\"font-family:&#039;Open Sans&#039;;font-weight:normal;font-style:normal;margin-top:30px;margin-bottom:50px;\">Patrocinio<\/h2><\/div><\/div>[\/vc_column][vc_column width=&#8221;1\/3&#8243;]<style type=\"text\/css\" data-type=\"the7_shortcodes-inline-css\">.shortcode-single-image-wrap.shortcode-single-image-ea66384c2d263d8c26d3135dda12f4d6.enable-bg-rollover .rollover i,\n.shortcode-single-image-wrap.shortcode-single-image-ea66384c2d263d8c26d3135dda12f4d6.enable-bg-rollover .rollover-video i {\n  background: -webkit-linear-gradient();\n  background: linear-gradient();\n}\n.shortcode-single-image-wrap.shortcode-single-image-ea66384c2d263d8c26d3135dda12f4d6 .rollover-icon {\n  font-size: 32px;\n  color: #ffffff;\n  min-width: 44px;\n  min-height: 44px;\n  line-height: 44px;\n  border-radius: 100px;\n  border-style: solid;\n  border-width: 0px;\n}\n.dt-icon-bg-on.shortcode-single-image-wrap.shortcode-single-image-ea66384c2d263d8c26d3135dda12f4d6 .rollover-icon {\n  background: rgba(255,255,255,0.3);\n  box-shadow: none;\n}<\/style><div class=\"shortcode-single-image-wrap shortcode-single-image-ea66384c2d263d8c26d3135dda12f4d6 alignnone  vc_custom_1677770557541 enable-bg-rollover dt-icon-bg-off\" ><div class=\"shortcode-single-image\"><div class=\"fancy-media-wrap  layzr-bg\" style=\"\"><img decoding=\"async\" class=\"preload-me lazy-load aspect\" src=\"data:image\/svg+xml,%3Csvg%20xmlns%3D&#39;http%3A%2F%2Fwww.w3.org%2F2000%2Fsvg&#39;%20viewBox%3D&#39;0%200%20200%20200&#39;%2F%3E\" data-src=\"https:\/\/www.sifeitalia.org\/wp-content\/uploads\/2023\/03\/SIOT_Patrocinio_trasparente-200x200.png\" data-srcset=\"https:\/\/www.sifeitalia.org\/wp-content\/uploads\/2023\/03\/SIOT_Patrocinio_trasparente-200x200.png 200w, https:\/\/www.sifeitalia.org\/wp-content\/uploads\/2023\/03\/SIOT_Patrocinio_trasparente-400x400.png 400w\" loading=\"eager\" sizes=\"(max-width: 200px) 100vw, 200px\" width=\"200\" height=\"200\"  data-dt-location=\"https:\/\/www.sifeitalia.org\/index.php\/project\/congresso-nazionale-sife-2023\/siot_patrocinio_trasparente\/\" style=\"--ratio: 200 \/ 200;\" alt=\"\" \/><\/div><\/div><\/div>[\/vc_column][vc_column width=&#8221;1\/3&#8243;][\/vc_column][\/vc_row][vc_row css=&#8221;.vc_custom_1641914323283{margin-top: 30px !important;}&#8221;][vc_column]<div id=\"ultimate-heading-639969f5b79d89c36\" class=\"uvc-heading ult-adjust-bottom-margin ultimate-heading-639969f5b79d89c36 uvc-532 accent-title-color color-title\" data-hspacer=\"no_spacer\"  data-halign=\"center\" style=\"text-align:center\"><div class=\"uvc-heading-spacer no_spacer\" style=\"top\"><\/div><div class=\"uvc-main-heading ult-responsive\"  data-ultimate-target='.uvc-heading.ultimate-heading-639969f5b79d89c36 h2'  data-responsive-json-new='{\"font-size\":\"desktop:22px;\",\"line-height\":\"desktop:32px;\"}' ><h2 style=\"font-family:&#039;Open Sans&#039;;font-weight:normal;font-style:normal;margin-top:30px;margin-bottom:50px;\">Vuoi sponsorizzare il Congresso Nazionale SIFE 2023?<\/h2><\/div><\/div><style type=\"text\/css\" data-type=\"the7_shortcodes-inline-css\">#default-btn-e5f81674492bfaadc3ef7c6f51b03c64.ico-right-side > i {\n  margin-right: 0px;\n  margin-left: 8px;\n}\n#default-btn-e5f81674492bfaadc3ef7c6f51b03c64 > i {\n  margin-right: 8px;\n}<\/style><div class=\"btn-align-center\"><a href=\"mailto:marta.tollis@mzevents.it\" class=\"default-btn-shortcode dt-btn dt-btn-l link-hover-off  vc_custom_1678111109813\" target=\"_blank\" id=\"default-btn-e5f81674492bfaadc3ef7c6f51b03c64\" rel=\"noopener\"><span>RICHIEDI LO SPONSOR PROSPECTUS<\/span><\/a><\/div>[\/vc_column][\/vc_row]<\/p>\n<\/section>","protected":false},"excerpt":{"rendered":"<p>[vc_row][vc_column][\/vc_column][\/vc_row][vc_row equal_height=&#8221;yes&#8221; content_placement=&#8221;middle&#8221; bg_type=&#8221;bg_color&#8221; bg_override=&#8221;ex-full&#8221; type=&#8221;1&#8243; anchor=&#8221;what&#8221; bg_color_value=&#8221;#ffffff&#8221; css=&#8221;.vc_custom_1618395611375{margin-bottom: 50px !important;}&#8221;][vc_column width=&#8221;1\/2&#8243; offset=&#8221;vc_col-lg-6 vc_col-md-6 vc_hidden-sm vc_hidden-xs&#8221; css=&#8221;.vc_custom_1618395704655{padding-bottom: 50px !important;}&#8221;][\/vc_column][vc_column offset=&#8221;vc_col-lg-6 vc_col-md-6&#8243; css=&#8221;.vc_custom_1618395710306{padding-bottom: 70px !important;}&#8221;][vc_empty_space height=&#8221;15px&#8221;][vc_column_text] MILANO Grand Hotel Villa Torretta Milan Sesto Via Milanese, 3 20099 Sesto San Giovanni (MI) [\/vc_column_text][vc_empty_space][vc_column_text css=&#8221;.vc_custom_1677755825461{margin-top: 30px !important;margin-bottom: 20px !important;}&#8221;] TEMI: Fissatori esapodalici \u2022 Allungamenti e difetti ossei con&hellip;<\/p>\n","protected":false},"author":1,"featured_media":2625,"comment_status":"closed","ping_status":"closed","template":"","dt_portfolio_category":[],"dt_portfolio_tags":[],"class_list":["post-2623","dt_portfolio","type-dt_portfolio","status-publish","has-post-thumbnail","hentry","description-off"],"yoast_head":"<!-- This site is optimized with the Yoast SEO plugin v27.1 - https:\/\/yoast.com\/product\/yoast-seo-wordpress\/ -->\n<title>CONGRESSO NAZIONALE SIFE 2023 - sifeitalia<\/title>\n<meta name=\"robots\" content=\"index, follow, max-snippet:-1, max-image-preview:large, max-video-preview:-1\" \/>\n<link rel=\"canonical\" href=\"https:\/\/www.sifeitalia.org\/index.php\/project\/congresso-nazionale-sife-2023\/\" \/>\n<meta property=\"og:locale\" content=\"it_IT\" \/>\n<meta property=\"og:type\" content=\"article\" \/>\n<meta property=\"og:title\" content=\"CONGRESSO NAZIONALE SIFE 2023 - sifeitalia\" \/>\n<meta property=\"og:description\" content=\"[vc_row][vc_column][\/vc_column][\/vc_row][vc_row equal_height=&#8221;yes&#8221; content_placement=&#8221;middle&#8221; bg_type=&#8221;bg_color&#8221; bg_override=&#8221;ex-full&#8221; type=&#8221;1&#8243; anchor=&#8221;what&#8221; bg_color_value=&#8221;#ffffff&#8221; css=&#8221;.vc_custom_1618395611375{margin-bottom: 50px !important;}&#8221;][vc_column width=&#8221;1\/2&#8243; offset=&#8221;vc_col-lg-6 vc_col-md-6 vc_hidden-sm vc_hidden-xs&#8221; css=&#8221;.vc_custom_1618395704655{padding-bottom: 50px !important;}&#8221;][\/vc_column][vc_column offset=&#8221;vc_col-lg-6 vc_col-md-6&#8243; css=&#8221;.vc_custom_1618395710306{padding-bottom: 70px !important;}&#8221;][vc_empty_space height=&#8221;15px&#8221;][vc_column_text] MILANO Grand Hotel Villa Torretta Milan Sesto Via Milanese, 3 20099 Sesto San Giovanni (MI) [\/vc_column_text][vc_empty_space][vc_column_text css=&#8221;.vc_custom_1677755825461{margin-top: 30px !important;margin-bottom: 20px !important;}&#8221;] TEMI: Fissatori esapodalici \u2022 Allungamenti e difetti ossei con&hellip;\" \/>\n<meta property=\"og:url\" content=\"https:\/\/www.sifeitalia.org\/index.php\/project\/congresso-nazionale-sife-2023\/\" \/>\n<meta property=\"og:site_name\" content=\"sifeitalia\" \/>\n<meta property=\"article:modified_time\" content=\"2023-11-02T15:54:33+00:00\" \/>\n<meta property=\"og:image\" content=\"https:\/\/www.sifeitalia.org\/wp-content\/uploads\/2023\/03\/Programma-preliminare-SIFE-2023-1.jpg\" \/>\n\t<meta property=\"og:image:width\" content=\"1748\" \/>\n\t<meta property=\"og:image:height\" content=\"2480\" \/>\n\t<meta property=\"og:image:type\" content=\"image\/jpeg\" \/>\n<meta name=\"twitter:card\" content=\"summary_large_image\" \/>\n<meta name=\"twitter:label1\" content=\"Tempo di lettura stimato\" \/>\n\t<meta name=\"twitter:data1\" content=\"10 minuti\" \/>\n<script type=\"application\/ld+json\" class=\"yoast-schema-graph\">{\"@context\":\"https:\/\/schema.org\",\"@graph\":[{\"@type\":\"WebPage\",\"@id\":\"https:\/\/www.sifeitalia.org\/index.php\/project\/congresso-nazionale-sife-2023\/\",\"url\":\"https:\/\/www.sifeitalia.org\/index.php\/project\/congresso-nazionale-sife-2023\/\",\"name\":\"CONGRESSO NAZIONALE SIFE 2023 - sifeitalia\",\"isPartOf\":{\"@id\":\"https:\/\/www.sifeitalia.org\/#website\"},\"primaryImageOfPage\":{\"@id\":\"https:\/\/www.sifeitalia.org\/index.php\/project\/congresso-nazionale-sife-2023\/#primaryimage\"},\"image\":{\"@id\":\"https:\/\/www.sifeitalia.org\/index.php\/project\/congresso-nazionale-sife-2023\/#primaryimage\"},\"thumbnailUrl\":\"https:\/\/www.sifeitalia.org\/wp-content\/uploads\/2023\/03\/Programma-preliminare-SIFE-2023-1.jpg\",\"datePublished\":\"2023-03-02T10:13:16+00:00\",\"dateModified\":\"2023-11-02T15:54:33+00:00\",\"breadcrumb\":{\"@id\":\"https:\/\/www.sifeitalia.org\/index.php\/project\/congresso-nazionale-sife-2023\/#breadcrumb\"},\"inLanguage\":\"it-IT\",\"potentialAction\":[{\"@type\":\"ReadAction\",\"target\":[\"https:\/\/www.sifeitalia.org\/index.php\/project\/congresso-nazionale-sife-2023\/\"]}]},{\"@type\":\"ImageObject\",\"inLanguage\":\"it-IT\",\"@id\":\"https:\/\/www.sifeitalia.org\/index.php\/project\/congresso-nazionale-sife-2023\/#primaryimage\",\"url\":\"https:\/\/www.sifeitalia.org\/wp-content\/uploads\/2023\/03\/Programma-preliminare-SIFE-2023-1.jpg\",\"contentUrl\":\"https:\/\/www.sifeitalia.org\/wp-content\/uploads\/2023\/03\/Programma-preliminare-SIFE-2023-1.jpg\",\"width\":1748,\"height\":2480},{\"@type\":\"BreadcrumbList\",\"@id\":\"https:\/\/www.sifeitalia.org\/index.php\/project\/congresso-nazionale-sife-2023\/#breadcrumb\",\"itemListElement\":[{\"@type\":\"ListItem\",\"position\":1,\"name\":\"Home\",\"item\":\"https:\/\/www.sifeitalia.org\/\"},{\"@type\":\"ListItem\",\"position\":2,\"name\":\"Portafoglio\",\"item\":\"https:\/\/www.sifeitalia.org\/index.php\/project\/\"},{\"@type\":\"ListItem\",\"position\":3,\"name\":\"CONGRESSO NAZIONALE SIFE 2023\"}]},{\"@type\":\"WebSite\",\"@id\":\"https:\/\/www.sifeitalia.org\/#website\",\"url\":\"https:\/\/www.sifeitalia.org\/\",\"name\":\"sifeitalia\",\"description\":\"Societ\u00e0 Italiana Fissazione Esterna\",\"potentialAction\":[{\"@type\":\"SearchAction\",\"target\":{\"@type\":\"EntryPoint\",\"urlTemplate\":\"https:\/\/www.sifeitalia.org\/?s={search_term_string}\"},\"query-input\":{\"@type\":\"PropertyValueSpecification\",\"valueRequired\":true,\"valueName\":\"search_term_string\"}}],\"inLanguage\":\"it-IT\"}]}<\/script>\n<!-- \/ Yoast SEO plugin. -->","yoast_head_json":{"title":"CONGRESSO NAZIONALE SIFE 2023 - sifeitalia","robots":{"index":"index","follow":"follow","max-snippet":"max-snippet:-1","max-image-preview":"max-image-preview:large","max-video-preview":"max-video-preview:-1"},"canonical":"https:\/\/www.sifeitalia.org\/index.php\/project\/congresso-nazionale-sife-2023\/","og_locale":"it_IT","og_type":"article","og_title":"CONGRESSO NAZIONALE SIFE 2023 - sifeitalia","og_description":"[vc_row][vc_column][\/vc_column][\/vc_row][vc_row equal_height=&#8221;yes&#8221; content_placement=&#8221;middle&#8221; bg_type=&#8221;bg_color&#8221; bg_override=&#8221;ex-full&#8221; type=&#8221;1&#8243; anchor=&#8221;what&#8221; bg_color_value=&#8221;#ffffff&#8221; css=&#8221;.vc_custom_1618395611375{margin-bottom: 50px !important;}&#8221;][vc_column width=&#8221;1\/2&#8243; offset=&#8221;vc_col-lg-6 vc_col-md-6 vc_hidden-sm vc_hidden-xs&#8221; css=&#8221;.vc_custom_1618395704655{padding-bottom: 50px !important;}&#8221;][\/vc_column][vc_column offset=&#8221;vc_col-lg-6 vc_col-md-6&#8243; css=&#8221;.vc_custom_1618395710306{padding-bottom: 70px !important;}&#8221;][vc_empty_space height=&#8221;15px&#8221;][vc_column_text] MILANO Grand Hotel Villa Torretta Milan Sesto Via Milanese, 3 20099 Sesto San Giovanni (MI) [\/vc_column_text][vc_empty_space][vc_column_text css=&#8221;.vc_custom_1677755825461{margin-top: 30px !important;margin-bottom: 20px !important;}&#8221;] TEMI: Fissatori esapodalici \u2022 Allungamenti e difetti ossei con&hellip;","og_url":"https:\/\/www.sifeitalia.org\/index.php\/project\/congresso-nazionale-sife-2023\/","og_site_name":"sifeitalia","article_modified_time":"2023-11-02T15:54:33+00:00","og_image":[{"width":1748,"height":2480,"url":"https:\/\/www.sifeitalia.org\/wp-content\/uploads\/2023\/03\/Programma-preliminare-SIFE-2023-1.jpg","type":"image\/jpeg"}],"twitter_card":"summary_large_image","twitter_misc":{"Tempo di lettura stimato":"10 minuti"},"schema":{"@context":"https:\/\/schema.org","@graph":[{"@type":"WebPage","@id":"https:\/\/www.sifeitalia.org\/index.php\/project\/congresso-nazionale-sife-2023\/","url":"https:\/\/www.sifeitalia.org\/index.php\/project\/congresso-nazionale-sife-2023\/","name":"CONGRESSO NAZIONALE SIFE 2023 - sifeitalia","isPartOf":{"@id":"https:\/\/www.sifeitalia.org\/#website"},"primaryImageOfPage":{"@id":"https:\/\/www.sifeitalia.org\/index.php\/project\/congresso-nazionale-sife-2023\/#primaryimage"},"image":{"@id":"https:\/\/www.sifeitalia.org\/index.php\/project\/congresso-nazionale-sife-2023\/#primaryimage"},"thumbnailUrl":"https:\/\/www.sifeitalia.org\/wp-content\/uploads\/2023\/03\/Programma-preliminare-SIFE-2023-1.jpg","datePublished":"2023-03-02T10:13:16+00:00","dateModified":"2023-11-02T15:54:33+00:00","breadcrumb":{"@id":"https:\/\/www.sifeitalia.org\/index.php\/project\/congresso-nazionale-sife-2023\/#breadcrumb"},"inLanguage":"it-IT","potentialAction":[{"@type":"ReadAction","target":["https:\/\/www.sifeitalia.org\/index.php\/project\/congresso-nazionale-sife-2023\/"]}]},{"@type":"ImageObject","inLanguage":"it-IT","@id":"https:\/\/www.sifeitalia.org\/index.php\/project\/congresso-nazionale-sife-2023\/#primaryimage","url":"https:\/\/www.sifeitalia.org\/wp-content\/uploads\/2023\/03\/Programma-preliminare-SIFE-2023-1.jpg","contentUrl":"https:\/\/www.sifeitalia.org\/wp-content\/uploads\/2023\/03\/Programma-preliminare-SIFE-2023-1.jpg","width":1748,"height":2480},{"@type":"BreadcrumbList","@id":"https:\/\/www.sifeitalia.org\/index.php\/project\/congresso-nazionale-sife-2023\/#breadcrumb","itemListElement":[{"@type":"ListItem","position":1,"name":"Home","item":"https:\/\/www.sifeitalia.org\/"},{"@type":"ListItem","position":2,"name":"Portafoglio","item":"https:\/\/www.sifeitalia.org\/index.php\/project\/"},{"@type":"ListItem","position":3,"name":"CONGRESSO NAZIONALE SIFE 2023"}]},{"@type":"WebSite","@id":"https:\/\/www.sifeitalia.org\/#website","url":"https:\/\/www.sifeitalia.org\/","name":"sifeitalia","description":"Societ\u00e0 Italiana Fissazione Esterna","potentialAction":[{"@type":"SearchAction","target":{"@type":"EntryPoint","urlTemplate":"https:\/\/www.sifeitalia.org\/?s={search_term_string}"},"query-input":{"@type":"PropertyValueSpecification","valueRequired":true,"valueName":"search_term_string"}}],"inLanguage":"it-IT"}]}},"_links":{"self":[{"href":"https:\/\/www.sifeitalia.org\/index.php\/wp-json\/wp\/v2\/dt_portfolio\/2623","targetHints":{"allow":["GET"]}}],"collection":[{"href":"https:\/\/www.sifeitalia.org\/index.php\/wp-json\/wp\/v2\/dt_portfolio"}],"about":[{"href":"https:\/\/www.sifeitalia.org\/index.php\/wp-json\/wp\/v2\/types\/dt_portfolio"}],"author":[{"embeddable":true,"href":"https:\/\/www.sifeitalia.org\/index.php\/wp-json\/wp\/v2\/users\/1"}],"replies":[{"embeddable":true,"href":"https:\/\/www.sifeitalia.org\/index.php\/wp-json\/wp\/v2\/comments?post=2623"}],"version-history":[{"count":5,"href":"https:\/\/www.sifeitalia.org\/index.php\/wp-json\/wp\/v2\/dt_portfolio\/2623\/revisions"}],"predecessor-version":[{"id":2795,"href":"https:\/\/www.sifeitalia.org\/index.php\/wp-json\/wp\/v2\/dt_portfolio\/2623\/revisions\/2795"}],"wp:featuredmedia":[{"embeddable":true,"href":"https:\/\/www.sifeitalia.org\/index.php\/wp-json\/wp\/v2\/media\/2625"}],"wp:attachment":[{"href":"https:\/\/www.sifeitalia.org\/index.php\/wp-json\/wp\/v2\/media?parent=2623"}],"wp:term":[{"taxonomy":"dt_portfolio_category","embeddable":true,"href":"https:\/\/www.sifeitalia.org\/index.php\/wp-json\/wp\/v2\/dt_portfolio_category?post=2623"},{"taxonomy":"dt_portfolio_tags","embeddable":true,"href":"https:\/\/www.sifeitalia.org\/index.php\/wp-json\/wp\/v2\/dt_portfolio_tags?post=2623"}],"curies":[{"name":"wp","href":"https:\/\/api.w.org\/{rel}","templated":true}]}}